{"id":18575,"date":"2019-03-04T17:07:14","date_gmt":"2019-03-04T15:07:14","guid":{"rendered":"https:\/\/obrasmanchareal.com\/?page_id=18575"},"modified":"2021-10-13T09:20:57","modified_gmt":"2021-10-13T07:20:57","slug":"reforma-naves-industriales","status":"publish","type":"page","link":"https:\/\/obrasmanchareal.com\/?page_id=18575","title":{"rendered":"Construcci\u00f3n de naves industriales"},"content":{"rendered":"<p>[vc_row css_animation=&#8221;&#8221; row_type=&#8221;row&#8221; use_row_as_full_screen_section=&#8221;no&#8221; type=&#8221;grid&#8221; angled_section=&#8221;no&#8221; text_align=&#8221;left&#8221; background_image_as_pattern=&#8221;without_pattern&#8221;][vc_column][vc_empty_space][vc_empty_space][vc_column_text]<\/p>\n<h2>En Mancha Real Obras tenemos una amplia experiencia en la adaptaci\u00f3n, acondicionamiento y reforma de naves industriales.<\/h2>\n<p>[\/vc_column_text][vc_empty_space][\/vc_column][\/vc_row][vc_row css_animation=&#8221;&#8221; row_type=&#8221;row&#8221; use_row_as_full_screen_section=&#8221;no&#8221; type=&#8221;grid&#8221; angled_section=&#8221;no&#8221; text_align=&#8221;left&#8221; background_image_as_pattern=&#8221;without_pattern&#8221;][vc_column][vc_empty_space][\/vc_column][\/vc_row][vc_row css_animation=&#8221;&#8221; row_type=&#8221;row&#8221; use_row_as_full_screen_section=&#8221;no&#8221; type=&#8221;grid&#8221; angled_section=&#8221;no&#8221; text_align=&#8221;left&#8221; background_image_as_pattern=&#8221;without_pattern&#8221;][vc_column][vc_column_text]<span style=\"font-weight: 400;\">El cumplimiento de las nuevas normativas, la mejora de instalaciones y el cambio de actividades, obliga a muchas empresas a realizar transformaciones. Los trabajos realizados y la satisfacci\u00f3n de nuestros clientes son la m\u00e1xima garant\u00eda de por qu\u00e9 dejar en nuestras manos los cambios de tu nave. <\/span>[\/vc_column_text][vc_empty_space][\/vc_column][\/vc_row][vc_row css_animation=&#8221;&#8221; row_type=&#8221;row&#8221; use_row_as_full_screen_section=&#8221;no&#8221; type=&#8221;grid&#8221; angled_section=&#8221;no&#8221; text_align=&#8221;left&#8221; background_image_as_pattern=&#8221;without_pattern&#8221;][vc_column][vc_column_text]<strong>\u00bfQu\u00e9 cambios podemos realizar en naves industriales?<\/strong><\/p>\n<p><span style=\"font-weight: 400;\"> No importa el reto que pongas ante nosotros. Realizamos todo tipo de reformas en naves industriales. Si tienes claro lo que necesitas y se puede realizar, lo haremos tal y como quieres. Si necesitas asesoramiento, los expertos de nuestro departamento de atenci\u00f3n al cliente te explicar\u00e1n todo lo que podemos hacer por ti. <\/span>[\/vc_column_text][vc_empty_space][\/vc_column][\/vc_row][vc_row css_animation=&#8221;&#8221; row_type=&#8221;row&#8221; use_row_as_full_screen_section=&#8221;no&#8221; type=&#8221;grid&#8221; angled_section=&#8221;no&#8221; text_align=&#8221;left&#8221; background_image_as_pattern=&#8221;without_pattern&#8221;][vc_column][vc_column_text]<span style=\"font-weight: 400;\">Podemos encargarnos de todo, para que no tengas que preocuparte de nada. Si quieres una reforma parcial de tu nave, la haremos. Tenemos un equipo experto que puede cambiar el tejado, la fachada o el interior por completo. <\/span><br \/>\n[\/vc_column_text][vc_empty_space][\/vc_column][\/vc_row][vc_row css_animation=&#8221;&#8221; row_type=&#8221;row&#8221; use_row_as_full_screen_section=&#8221;no&#8221; type=&#8221;grid&#8221; angled_section=&#8221;no&#8221; text_align=&#8221;left&#8221; background_image_as_pattern=&#8221;without_pattern&#8221;][vc_column][vc_column_text]<span style=\"font-weight: 400;\">Si quieres hacer una reforma integral, incluyendo divisiones interiores y equipamiento, cuenta con nosotros. Cuando finalicemos el trabajo no podr\u00e1s dar cr\u00e9dito al cambio.<\/span>[\/vc_column_text][vc_empty_space][\/vc_column][\/vc_row][vc_row css_animation=&#8221;&#8221; row_type=&#8221;row&#8221; use_row_as_full_screen_section=&#8221;no&#8221; type=&#8221;grid&#8221; angled_section=&#8221;no&#8221; text_align=&#8221;left&#8221; background_image_as_pattern=&#8221;without_pattern&#8221;][vc_column][vc_column_text]<strong>Nuestros trabajos en naves industriales son la mejor garant\u00eda<\/strong><\/p>\n<p><span style=\"font-weight: 400;\"> Son muchos los trabajos realizados en naves industriales y locales. Nuestros clientes se muestran plenamente satisfechos con los resultados. Hemos construido naves industriales y urbanizaciones. Hemos edificado y reformado multitud de naves industriales. Tambi\u00e9n nos hemos encargado de los cambios y adaptaci\u00f3n de naves, locales y de centros comerciales. Puedes ver todos nuestros trabajos, con el antes y el despu\u00e9s. <\/span>[\/vc_column_text][vc_empty_space][\/vc_column][\/vc_row][vc_row css_animation=&#8221;&#8221; row_type=&#8221;row&#8221; use_row_as_full_screen_section=&#8221;no&#8221; type=&#8221;grid&#8221; angled_section=&#8221;no&#8221; text_align=&#8221;left&#8221; background_image_as_pattern=&#8221;without_pattern&#8221;][vc_column][vc_column_text]<span style=\"font-weight: 400;\">En muchos proyectos industriales hemos intervenido para la adaptaci\u00f3n a los nuevos requerimientos legales en materia de seguridad y confort. En otros, hemos modificado totalmente la actividad, de manera que la nueva construcci\u00f3n encaje con la actividad. <\/span>[\/vc_column_text][vc_empty_space][vc_column_text]<span style=\"font-weight: 400;\">Un ejemplo es una nave de Ja\u00e9n con 1.800 m\u00b2. Nuestra constructora en Ja\u00e9n la reform\u00f3 totalmente para adecuarla como macroalmac\u00e9n para materiales de construcci\u00f3n y el\u00e9ctricos. El resultado, como tu mismo puedes ver, ha sido el de un cambio radical, tanto en el maltrecho tejado como en todo el interior. <\/span>[\/vc_column_text][vc_empty_space][\/vc_column][\/vc_row][vc_row css_animation=&#8221;&#8221; row_type=&#8221;row&#8221; use_row_as_full_screen_section=&#8221;no&#8221; type=&#8221;grid&#8221; angled_section=&#8221;no&#8221; text_align=&#8221;left&#8221; background_image_as_pattern=&#8221;without_pattern&#8221;][vc_column][vc_column_text]Otro trabajo del que nos sentimos especialmente satisfechos es la ampliaci\u00f3n y mejora del <a href=\"https:\/\/obrasmanchareal.com\/proyecto\/ampliacion-y-mejora-de-las-instalaciones-del-parque-de-bomberos-de-jaen\/\">Parque de Bomberos de Ja\u00e9n<\/a>. Se remodel\u00f3 el gimnasio y las taquillas. Tambi\u00e9n se reform\u00f3 parte de la piscina de entrenamiento. Se llevaron a cabo trabajos de pintura y reparaciones en distintas plantas y la fachada, y se coloc\u00f3 un nuevo sistema de megafon\u00eda y alarma del recinto.[\/vc_column_text][vc_empty_space][\/vc_column][\/vc_row][vc_row css_animation=&#8221;&#8221; row_type=&#8221;row&#8221; use_row_as_full_screen_section=&#8221;no&#8221; type=&#8221;grid&#8221; angled_section=&#8221;no&#8221; text_align=&#8221;left&#8221; background_image_as_pattern=&#8221;without_pattern&#8221;][vc_column][vc_column_text]<strong>Solicitud de presupuesto para la reforma industrial<\/strong><\/p>\n<p><span style=\"font-weight: 400;\">A la hora de redactar pedir presupuesto para la reforma industria aconsejamos que des todos los detalles que puedas considerar relevantes para que podamos redactar un presupuesto con m\u00e1s conocimiento y por tanto m\u00e1s adecuado a la realidad. <\/span><\/p>\n<p><span style=\"font-weight: 400;\">Los puntos que generalmente tomamos en cuenta para realizar proyectos de reforma industrial son:<\/span><\/p>\n<ul>\n<li style=\"font-weight: 400;\"><span style=\"font-weight: 400;\">Dimensiones y descripci\u00f3n de la nave. Estado actual<\/span><\/li>\n<li style=\"font-weight: 400;\"><span style=\"font-weight: 400;\">Raz\u00f3n social<\/span><\/li>\n<li style=\"font-weight: 400;\"><span style=\"font-weight: 400;\">Distribuci\u00f3n de la nave<\/span><\/li>\n<li style=\"font-weight: 400;\"><span style=\"font-weight: 400;\">Trabajos requeridos<\/span><\/li>\n<\/ul>\n<p>[\/vc_column_text][vc_empty_space][\/vc_column][\/vc_row][vc_row css_animation=&#8221;&#8221; row_type=&#8221;row&#8221; use_row_as_full_screen_section=&#8221;no&#8221; type=&#8221;grid&#8221; angled_section=&#8221;no&#8221; text_align=&#8221;left&#8221; background_image_as_pattern=&#8221;without_pattern&#8221; css=&#8221;.vc_custom_1535694683121{background-color: #f9f9f9 !important;}&#8221;][vc_column][vc_empty_space][vc_column_text el_class=&#8221;enlace-contacta&#8221;]<\/p>\n<p style=\"text-align: center;\"><a href=\"https:\/\/obrasmanchareal.com\/contacto\/\"><em>Solicita tu presupuesto <strong>aqu\u00ed<\/strong><\/em><\/a><\/p>\n<p>[\/vc_column_text][vc_empty_space][\/vc_column][\/vc_row][vc_row css_animation=&#8221;&#8221; row_type=&#8221;row&#8221; use_row_as_full_screen_section=&#8221;no&#8221; type=&#8221;grid&#8221; angled_section=&#8221;no&#8221; text_align=&#8221;left&#8221; background_image_as_pattern=&#8221;without_pattern&#8221;][vc_column][vc_empty_space][vc_column_text]El centro de entrenamiento <a href=\"https:\/\/obrasmanchareal.com\/proyecto\/burn-fitness-experience-marbella\/\">Burn Fitness Experience Marbella<\/a>, tambi\u00e9n ha confiado en nosotros para la habilitaci\u00f3n de su centro de Puerto Ban\u00fas, Marbella. Hemos logrado satisfacer las expectativas puestas en nosotros, en lo que tiene que ver con los tiempos de la obra y con el resultado del trabajo.[\/vc_column_text][vc_empty_space][\/vc_column][\/vc_row][vc_row css_animation=&#8221;&#8221; row_type=&#8221;row&#8221; use_row_as_full_screen_section=&#8221;no&#8221; type=&#8221;grid&#8221; angled_section=&#8221;no&#8221; text_align=&#8221;left&#8221; background_image_as_pattern=&#8221;without_pattern&#8221;][vc_column][vc_column_text]Pero a\u00fan hay m\u00e1s. Puedes ver m\u00e1s trabajos realizados por nuestra <strong>constructora en Marbella<\/strong> y Ja\u00e9n. Por ejemplo los de las instalaciones de <a href=\"https:\/\/obrasmanchareal.com\/proyecto\/reforma-de-comedor-en-instalaciones-industriales\/\">SIRO<\/a>, los del <a href=\"https:\/\/obrasmanchareal.com\/proyecto\/adaptacion-y-reforma-de-las-ventanas-y-fachada-del-colegio-mayor-domingo-savio\/\">Colegio Mayor Domingo Savio<\/a>. P\u00eddenos un presupuesto gratuito y te lo haremos llegar en muy poco tiempo.[\/vc_column_text][vc_empty_space][\/vc_column][\/vc_row][vc_row css_animation=&#8221;&#8221; row_type=&#8221;row&#8221; use_row_as_full_screen_section=&#8221;no&#8221; type=&#8221;grid&#8221; angled_section=&#8221;no&#8221; text_align=&#8221;left&#8221; background_image_as_pattern=&#8221;without_pattern&#8221;][vc_column][vc_column_text]Otro de nuestros proyectos de reforma industrial que nos destacan como <strong>constructora en Ja\u00e9n<\/strong> es la <a href=\"https:\/\/obrasmanchareal.com\/proyecto\/reforma-nave-industrial\/\" target=\"_blank\" rel=\"noopener\">rehabilitaci\u00f3n Nave Industrial para Almac\u00e9n de Material de Construcci\u00f3n y Material El\u00e9ctrico<\/a>.[\/vc_column_text][vc_empty_space][\/vc_column][\/vc_row][vc_row css_animation=&#8221;&#8221; row_type=&#8221;row&#8221; use_row_as_full_screen_section=&#8221;no&#8221; type=&#8221;grid&#8221; angled_section=&#8221;no&#8221; text_align=&#8221;left&#8221; background_image_as_pattern=&#8221;without_pattern&#8221;][vc_column][vc_column_text]Los trabajos de rehabilitaci\u00f3n en esta reforma industrial consistieron en la adecuaci\u00f3n de una nave con una superficie de 1.800\u201900 m2 para adaptarla a las necesidades y a la normativa vigente atendiendo al tipo de uso al que destinar\u00e1 como almac\u00e9n de materiales de construcci\u00f3n y el\u00e9ctricos.[\/vc_column_text][vc_empty_space][\/vc_column][\/vc_row][vc_row css_animation=&#8221;&#8221; row_type=&#8221;row&#8221; use_row_as_full_screen_section=&#8221;no&#8221; type=&#8221;grid&#8221; angled_section=&#8221;no&#8221; text_align=&#8221;left&#8221; background_image_as_pattern=&#8221;without_pattern&#8221;][vc_column][vc_column_text]Como hemos dicho anteriormente abarcamos proyectos de diferente tipolog\u00eda y que necesitan una ejecuci\u00f3n personalizada. Somos especializados en realizar una\u00a0<strong>reforma industrial.\u00a0<span style=\"font-weight: 400;\">Si necesitas m\u00e1s informaci\u00f3n ponte en contacto con nosotros y aclara todas tus dudas. \u00a1Estamos dispuestos a ayudarte!<\/span><\/strong>[\/vc_column_text][vc_empty_space][\/vc_column][\/vc_row][vc_row css_animation=&#8221;&#8221; row_type=&#8221;row&#8221; use_row_as_full_screen_section=&#8221;no&#8221; type=&#8221;grid&#8221; angled_section=&#8221;no&#8221; text_align=&#8221;center&#8221; background_image_as_pattern=&#8221;without_pattern&#8221; css=&#8221;.vc_custom_1535615473502{background-color: #f9f9f9 !important;}&#8221;][vc_column][vc_empty_space][vc_column_text el_class=&#8221;entrada-proyectos&#8221;]<\/p>\n<p style=\"text-align: center;\">Mira por qu\u00e9 somos la empresa <strong>constructora en Ja\u00e9n<\/strong> con mayor reconocimiento\u00a0en <strong>ingenier\u00eda industrial<\/strong><\/p>\n<p style=\"text-align: center;\">Conoce nuestros proyectos de <b>ingenier\u00eda industrial: reforma industrial y construcci\u00f3n de naves industriales.<\/b><\/p>\n<p>[\/vc_column_text][\/vc_column][vc_column][vc_empty_space][portfolio_list type=&#8221;standard&#8221; hover_type_standard=&#8221;default&#8221; columns=&#8221;4&#8243; order_by=&#8221;date&#8221; order=&#8221;DESC&#8221; filter=&#8221;no&#8221; show_load_more=&#8221;no&#8221; number=&#8221;8&#8243; category=&#8221;ingenieria-industrial&#8221; show_title=&#8221;yes&#8221;][button size=&#8221;small&#8221; target=&#8221;_self&#8221; hover_type=&#8221;default&#8221; text_align=&#8221;center&#8221; text=&#8221;Ver todos los proyectos&#8221; link=&#8221;https:\/\/obrasmanchareal.com\/proyectos\/&#8221; background_color=&#8221;#faa950&#8243; hover_background_color=&#8221;#2e2e2e&#8221; border_color=&#8221;#faa950&#8243; hover_border_color=&#8221;#2e2e2e&#8221;][vc_empty_space][\/vc_column][\/vc_row]<\/p>\n","protected":false},"excerpt":{"rendered":"<p>[vc_row css_animation=&#8221;&#8221; row_type=&#8221;row&#8221; use_row_as_full_screen_section=&#8221;no&#8221; type=&#8221;grid&#8221; angled_section=&#8221;no&#8221; text_align=&#8221;left&#8221; background_image_as_pattern=&#8221;without_pattern&#8221;][vc_column][vc_empty_space][vc_empty_space][vc_column_text] En Mancha Real Obras tenemos una amplia experiencia en la adaptaci\u00f3n, acondicionamiento y reforma de naves industriales. [\/vc_column_text][vc_empty_space][\/vc_column][\/vc_row][vc_row css_animation=&#8221;&#8221; row_type=&#8221;row&#8221; use_row_as_full_screen_section=&#8221;no&#8221; type=&#8221;grid&#8221; angled_section=&#8221;no&#8221; text_align=&#8221;left&#8221; background_image_as_pattern=&#8221;without_pattern&#8221;][vc_column][vc_empty_space][\/vc_column][\/vc_row][vc_row css_animation=&#8221;&#8221; row_type=&#8221;row&#8221; use_row_as_full_screen_section=&#8221;no&#8221; type=&#8221;grid&#8221; angled_section=&#8221;no&#8221; text_align=&#8221;left&#8221; background_image_as_pattern=&#8221;without_pattern&#8221;][vc_column][vc_column_text]El cumplimiento de las nuevas normativas, la mejora de instalaciones y el cambio de actividades, obliga &hellip; <\/p>\n<p class=\"link-more\"><a href=\"https:\/\/obrasmanchareal.com\/?page_id=18575\" class=\"more-link\">Continue reading<span class=\"screen-reader-text\"> &#8220;Construcci\u00f3n de naves industriales&#8221;<\/span><\/a><\/p>\n","protected":false},"author":4,"featured_media":0,"parent":0,"menu_order":0,"comment_status":"closed","ping_status":"closed","template":"full_width.php","meta":{"footnotes":""},"class_list":["post-18575","page","type-page","status-publish","hentry","entry"],"_links":{"self":[{"href":"https:\/\/obrasmanchareal.com\/index.php?rest_route=\/wp\/v2\/pages\/18575","targetHints":{"allow":["GET"]}}],"collection":[{"href":"https:\/\/obrasmanchareal.com\/index.php?rest_route=\/wp\/v2\/pages"}],"about":[{"href":"https:\/\/obrasmanchareal.com\/index.php?rest_route=\/wp\/v2\/types\/page"}],"author":[{"embeddable":true,"href":"https:\/\/obrasmanchareal.com\/index.php?rest_route=\/wp\/v2\/users\/4"}],"replies":[{"embeddable":true,"href":"https:\/\/obrasmanchareal.com\/index.php?rest_route=%2Fwp%2Fv2%2Fcomments&post=18575"}],"version-history":[{"count":6,"href":"https:\/\/obrasmanchareal.com\/index.php?rest_route=\/wp\/v2\/pages\/18575\/revisions"}],"predecessor-version":[{"id":19028,"href":"https:\/\/obrasmanchareal.com\/index.php?rest_route=\/wp\/v2\/pages\/18575\/revisions\/19028"}],"wp:attachment":[{"href":"https:\/\/obrasmanchareal.com\/index.php?rest_route=%2Fwp%2Fv2%2Fmedia&parent=18575"}],"curies":[{"name":"wp","href":"https:\/\/api.w.org\/{rel}","templated":true}]}}