{"id":18500,"date":"2018-11-26T17:52:39","date_gmt":"2018-11-26T15:52:39","guid":{"rendered":"https:\/\/obrasmanchareal.com\/?page_id=18500"},"modified":"2019-10-28T14:34:51","modified_gmt":"2019-10-28T12:34:51","slug":"reforma-industrial-constructora-jaen","status":"publish","type":"page","link":"https:\/\/obrasmanchareal.com\/?page_id=18500","title":{"rendered":"Reforma industrial"},"content":{"rendered":"<p>[vc_row css_animation=&#8221;&#8221; row_type=&#8221;row&#8221; use_row_as_full_screen_section=&#8221;no&#8221; type=&#8221;grid&#8221; angled_section=&#8221;no&#8221; text_align=&#8221;left&#8221; background_image_as_pattern=&#8221;without_pattern&#8221;][vc_column][vc_empty_space][vc_empty_space][vc_column_text]<\/p>\n<h2>El \u00e1rea industrial es otro de nuestros sectores de especializaci\u00f3n; en este campo ofrecemos a nuestros clientes un profundo conocimiento en materia de log\u00edsticas industriales, acondicionamiento de naves industriales as\u00ed como proyectos de reforma industrial.<\/h2>\n<p>[\/vc_column_text][vc_empty_space][\/vc_column][\/vc_row][vc_row css_animation=&#8221;&#8221; row_type=&#8221;row&#8221; use_row_as_full_screen_section=&#8221;no&#8221; type=&#8221;grid&#8221; angled_section=&#8221;no&#8221; text_align=&#8221;left&#8221; background_image_as_pattern=&#8221;without_pattern&#8221;][vc_column][vc_empty_space][\/vc_column][\/vc_row][vc_row css_animation=&#8221;&#8221; row_type=&#8221;row&#8221; use_row_as_full_screen_section=&#8221;no&#8221; type=&#8221;grid&#8221; angled_section=&#8221;no&#8221; text_align=&#8221;left&#8221; background_image_as_pattern=&#8221;without_pattern&#8221;][vc_column][vc_column_text]<span style=\"font-weight: 400;\">En Mancha Real Obras, disponemos de un equipo de profesionales, con una dilatada experiencia profesional, dedicados a la adaptaci\u00f3n y acondicionamiento de naves industriales, en torno a la reforma industrial. <\/span>[\/vc_column_text][vc_empty_space][\/vc_column][\/vc_row][vc_row css_animation=&#8221;&#8221; row_type=&#8221;row&#8221; use_row_as_full_screen_section=&#8221;no&#8221; type=&#8221;grid&#8221; angled_section=&#8221;no&#8221; text_align=&#8221;left&#8221; background_image_as_pattern=&#8221;without_pattern&#8221;][vc_column][vc_column_text]<span style=\"font-weight: 400;\">El equipo de Mancha Real Obras est\u00e1 formado por t\u00e9cnicos cualificados, alba\u00f1iles, fontaneros, electricistas y carpinteros contrastados. Mediante nuestra metodolog\u00eda de trabajo, los clientes pueden solicitar presupuesto de forma gratuita para luego concretar una cita con nosotros y conversar respecto a las adaptaciones necesarias para realizaci\u00f3n de la reforma industrial. En todo momento el cliente estar\u00e1 asesorado por nuestro equipo t\u00e9cnico.<\/span>[\/vc_column_text][vc_empty_space][\/vc_column][\/vc_row][vc_row css_animation=&#8221;&#8221; row_type=&#8221;row&#8221; use_row_as_full_screen_section=&#8221;no&#8221; type=&#8221;grid&#8221; angled_section=&#8221;no&#8221; text_align=&#8221;left&#8221; background_image_as_pattern=&#8221;without_pattern&#8221;][vc_column][vc_column_text]<strong>Reforma industrial, buscamos la m\u00e1xima calidad<\/strong><\/p>\n<p><span style=\"font-weight: 400;\">La protecci\u00f3n del medio ambiente es una m\u00e1xima en nuestro servicio de reforma industrial. Hacemos \u00e9nfasis en soluciones que fomenten la protecci\u00f3n del ecosistema en el que se encuentra la planta o f\u00e1brica, midiendo factores como el olor, los gases, etc que se generen desde dentro. Nuestro servicio se ajusta a las normas exigidas por la Reglamentaci\u00f3n de Seguridad e Higiene en el Trabajo ya que como empresa constructora en J\u00e1en, dedicada a la reforma industrial, nos fijamos en todos los complementos y accesorios necesarios para que nuestro equipo cumpla con su trabajo de la forma m\u00e1s efectiva posible.<\/span>[\/vc_column_text][vc_empty_space][\/vc_column][\/vc_row][vc_row css_animation=&#8221;&#8221; row_type=&#8221;row&#8221; use_row_as_full_screen_section=&#8221;no&#8221; type=&#8221;grid&#8221; angled_section=&#8221;no&#8221; text_align=&#8221;left&#8221; background_image_as_pattern=&#8221;without_pattern&#8221;][vc_column][vc_column_text]<span style=\"font-weight: 400;\">Entre los proyectos que llevamos a cabo en la reforma industrial est\u00e1n: <\/span><\/p>\n<ul>\n<li style=\"font-weight: 400;\"><span style=\"font-weight: 400;\">Arquitectura y dise\u00f1o constructivo.<\/span><\/li>\n<li style=\"font-weight: 400;\"><span style=\"font-weight: 400;\">Distribuci\u00f3n y dise\u00f1o de interior en funci\u00f3n de su actividad y necesidades.<\/span><\/li>\n<li style=\"font-weight: 400;\"><span style=\"font-weight: 400;\">Proyectos constructivos de interior (obra civil e instalaciones).<\/span><\/li>\n<li style=\"font-weight: 400;\"><span style=\"font-weight: 400;\">Gesti\u00f3n documental y legalizaciones.<\/span><\/li>\n<\/ul>\n<p>[\/vc_column_text][vc_empty_space][\/vc_column][\/vc_row][vc_row css_animation=&#8221;&#8221; row_type=&#8221;row&#8221; use_row_as_full_screen_section=&#8221;no&#8221; type=&#8221;grid&#8221; angled_section=&#8221;no&#8221; text_align=&#8221;left&#8221; background_image_as_pattern=&#8221;without_pattern&#8221;][vc_column][vc_column_text]<span style=\"font-weight: 400;\">Otro punto importante de nuestro servicio, es la gesti\u00f3n de tr\u00e1mites ante las administraciones p\u00fablicas. Como empresa constructora coordinamos todos los trabajos de reforma industrial para llevar a cabo la obra en los plazos y condiciones pactadas.<\/span>[\/vc_column_text][vc_empty_space][\/vc_column][\/vc_row][vc_row css_animation=&#8221;&#8221; row_type=&#8221;row&#8221; use_row_as_full_screen_section=&#8221;no&#8221; type=&#8221;grid&#8221; angled_section=&#8221;no&#8221; text_align=&#8221;left&#8221; background_image_as_pattern=&#8221;without_pattern&#8221;][vc_column][vc_column_text]<span style=\"font-weight: 400;\">Dentro de la reforma industrial encontramos diversos trabajos como mejorar el estado de los vestuarios, insonorizar las oficinas, mejorar los cerramientos, hacer m\u00e1s atractiva la fachada e instalar falsos techos.\u00a0<\/span>[\/vc_column_text][vc_empty_space][vc_column_text]<\/p>\n<ul>\n<li style=\"font-weight: 400;\"><b>Reforma industrial: mejorar el estado de los vestuarios.<\/b><span style=\"font-weight: 400;\"> Dentro de este trabajo se puede sustituir las taquillas, pintar paredes y techos, cambiar o instalar duchas, etc. <\/span><\/li>\n<li style=\"font-weight: 400;\"><b>Reforma industrial: insonorizar las oficinas.<\/b><span style=\"font-weight: 400;\"> Muchas naves cuentan con espacios que est\u00e1n destinados a la gesti\u00f3n del negocio. Si se trata de una f\u00e1brica ruidosa las instalaciones dedicadas a tal efecto deber\u00e1n contar con un buen aislamiento de ruidos exteriores para que se pueda realizar un mejor trabajo.<\/span><\/li>\n<li style=\"font-weight: 400;\"><b>Reforma industrial: mejorar los cerramientos. <\/b><span style=\"font-weight: 400;\">Las puertas y ventanas, las grietas en las paredes, las goteras,etc.. son elementos que tendremos que mejorar si queremos ganar en comodidad y tambi\u00e9n en seguridad.<\/span><\/li>\n<li style=\"font-weight: 400;\"><b>Reforma industrial: hacer m\u00e1s atractiva la fachada.<\/b><span style=\"font-weight: 400;\"> La fachada es un elemento importante en una nave industrial, aunque no tanto como en un local comercial, en una nave la fachada tambi\u00e9n ayuda a mejorar la imagen de la empresa en cuesti\u00f3n. Es un trabajo que requerir\u00e1 un gran desembolso econ\u00f3mico, pero si se realiza de forma correcta ser\u00e1 muy satisfactorio.<\/span><\/li>\n<li><b>Reforma industrial: instalar falsos techos.<\/b><span style=\"font-weight: 400;\"> Los falsos techos contribuyen a aislar la nave, as\u00ed como a reducir el ruido en su interior, lo que ser\u00e1 beneficioso para todos sus ocupantes habituales.<\/span><\/li>\n<\/ul>\n<p>[\/vc_column_text][vc_empty_space][\/vc_column][\/vc_row][vc_row css_animation=&#8221;&#8221; row_type=&#8221;row&#8221; use_row_as_full_screen_section=&#8221;no&#8221; type=&#8221;grid&#8221; angled_section=&#8221;no&#8221; text_align=&#8221;left&#8221; background_image_as_pattern=&#8221;without_pattern&#8221;][vc_column][vc_column_text]Como empresa <strong>constructora en Ja\u00e9n<\/strong> te damos la oportunidad de comparar precios sin sorpresas al finalizar la obra. Conoce todo lo necesario para realizar la <strong>reforma industrial<\/strong>\u00a0que necesita tu nave o local, con el mejor precio y\u00a0solicita presupuesto\u00a0por nuestro servicio de <strong>ingenier\u00eda industrial<\/strong>, as\u00ed sabr\u00e1s cu\u00e1nto cuesta.[\/vc_column_text][vc_empty_space][\/vc_column][\/vc_row][vc_row css_animation=&#8221;&#8221; row_type=&#8221;row&#8221; use_row_as_full_screen_section=&#8221;no&#8221; type=&#8221;grid&#8221; angled_section=&#8221;no&#8221; text_align=&#8221;left&#8221; background_image_as_pattern=&#8221;without_pattern&#8221;][vc_column][vc_column_text]<strong>Solicitud de presupuesto para la reforma industrial<\/strong><\/p>\n<p><span style=\"font-weight: 400;\">A la hora de redactar pedir presupuesto para la reforma industria aconsejamos que des todos los detalles que puedas considerar relevantes para que podamos redactar un presupuesto con m\u00e1s conocimiento y por tanto m\u00e1s adecuado a la realidad. <\/span><\/p>\n<p><span style=\"font-weight: 400;\">Los puntos que generalmente tomamos en cuenta para realizar proyectos de reforma industrial son:<\/span><\/p>\n<ul>\n<li style=\"font-weight: 400;\"><span style=\"font-weight: 400;\">Dimensiones y descripci\u00f3n de la nave. Estado actual<\/span><\/li>\n<li style=\"font-weight: 400;\"><span style=\"font-weight: 400;\">Raz\u00f3n social<\/span><\/li>\n<li style=\"font-weight: 400;\"><span style=\"font-weight: 400;\">Distribuci\u00f3n de la nave<\/span><\/li>\n<li style=\"font-weight: 400;\"><span style=\"font-weight: 400;\">Trabajos requeridos<\/span><\/li>\n<\/ul>\n<p>[\/vc_column_text][vc_empty_space][\/vc_column][\/vc_row][vc_row css_animation=&#8221;&#8221; row_type=&#8221;row&#8221; use_row_as_full_screen_section=&#8221;no&#8221; type=&#8221;grid&#8221; angled_section=&#8221;no&#8221; text_align=&#8221;left&#8221; background_image_as_pattern=&#8221;without_pattern&#8221; css=&#8221;.vc_custom_1535694683121{background-color: #f9f9f9 !important;}&#8221;][vc_column][vc_empty_space][vc_column_text el_class=&#8221;enlace-contacta&#8221;]<\/p>\n<p style=\"text-align: center;\"><a href=\"https:\/\/obrasmanchareal.com\/contacto\/\"><em>Solicita tu presupuesto <strong>aqu\u00ed<\/strong><\/em><\/a><\/p>\n<p>[\/vc_column_text][vc_empty_space][\/vc_column][\/vc_row][vc_row css_animation=&#8221;&#8221; row_type=&#8221;row&#8221; use_row_as_full_screen_section=&#8221;no&#8221; type=&#8221;grid&#8221; angled_section=&#8221;no&#8221; text_align=&#8221;left&#8221; background_image_as_pattern=&#8221;without_pattern&#8221;][vc_column][vc_empty_space][vc_column_text]Una de nuestras obras emblem\u00e1ticas en <strong>reforma industrial<\/strong>\u00a0es el proyecto de <a href=\"https:\/\/obrasmanchareal.com\/proyecto\/naves-industriales-adecuacion-reforma\/\" target=\"_blank\" rel=\"noopener\">naves industriales para productos alimentarios \u2013 adecuaci\u00f3n y reforma<\/a>.<\/p>\n<p>La Sociedad Olior Porcuna, S.A. rehabilit\u00f3 su planta (naves industriales) de envasadode aceite situada en una parcela de 840\u201900 m2, que contaba con una zona de envasado y almacenaje de 345\u201900 m2, zona de oficinas de 120\u201900 m2 y patios 375\u201900 m2 de los cuales 155\u201900 m2 eran cubiertos.<\/p>\n<p>[\/vc_column_text][vc_empty_space][\/vc_column][\/vc_row][vc_row css_animation=&#8221;&#8221; row_type=&#8221;row&#8221; use_row_as_full_screen_section=&#8221;no&#8221; type=&#8221;grid&#8221; angled_section=&#8221;no&#8221; text_align=&#8221;left&#8221; background_image_as_pattern=&#8221;without_pattern&#8221;][vc_column][vc_column_text]La actuaci\u00f3n de este proyecto de reforma indsutrial consisti\u00f3 en la cubrici\u00f3n de la totalidad de los patios existentes para poder utilizarlos como almac\u00e9n de producto terminado y zona de carga y descarga de veh\u00edculos. Para esto se procedi\u00f3 con la demolici\u00f3n de los edificios y cubriciones existentes realiz\u00e1ndose una nueva cimentaci\u00f3n y solera armada de hormig\u00f3n que permiti\u00f3 la ejecuci\u00f3n de la estructura ejecutada con pilares y cerchas met\u00e1licos, cerramiento mediante placas de hormig\u00f3n y cubierta mediante panel tipo sandwich. Interiormente se cubrieron todos los paramentos con paneles tipo s\u00e1ndwich para la mejora del aislamiento y se termin\u00f3 el pavimento mediante la aplicaci\u00f3n de resina alimentaria multicapa antideslizante.[\/vc_column_text][vc_empty_space][\/vc_column][\/vc_row][vc_row css_animation=&#8221;&#8221; row_type=&#8221;row&#8221; use_row_as_full_screen_section=&#8221;no&#8221; type=&#8221;grid&#8221; angled_section=&#8221;no&#8221; text_align=&#8221;left&#8221; background_image_as_pattern=&#8221;without_pattern&#8221;][vc_column][vc_column_text]Por otro lado, en este proyecto de reforma industrial, dado que la cubierta de las naves industriales de la zona de envasado se encontraban en muy malas condiciones, se procedi\u00f3 a demoler el tejado y a instalar una nueva cubierta mediante la ejecuci\u00f3n de cerchas met\u00e1licas y acabado mediante paneles tipo sandwich.[\/vc_column_text][vc_empty_space][\/vc_column][\/vc_row][vc_row css_animation=&#8221;&#8221; row_type=&#8221;row&#8221; use_row_as_full_screen_section=&#8221;no&#8221; type=&#8221;grid&#8221; angled_section=&#8221;no&#8221; text_align=&#8221;left&#8221; background_image_as_pattern=&#8221;without_pattern&#8221;][vc_column][vc_column_text]Adem\u00e1s, se ejecutaron todas las instalaciones nuevas en la planta, dot\u00e1ndola de iluminaci\u00f3n led, aire comprimido, protecci\u00f3n contraincendios, climatizaci\u00f3n, as\u00ed como instalando unos dep\u00f3sitos de acero inoxidable para el almacenamiento de aceite. Se crearon espacios para almacenamiento de envases en planta alta, la nueva zona de envasado en el centro de la nave, y una zona de taller y vestuario para los operarios.[\/vc_column_text][vc_empty_space][\/vc_column][\/vc_row][vc_row css_animation=&#8221;&#8221; row_type=&#8221;row&#8221; use_row_as_full_screen_section=&#8221;no&#8221; type=&#8221;grid&#8221; angled_section=&#8221;no&#8221; text_align=&#8221;left&#8221; background_image_as_pattern=&#8221;without_pattern&#8221;][vc_column][vc_column_text]Otro de nuestros proyectos de reforma industrial que nos destacan como <strong>constructora en Ja\u00e9n<\/strong> es la <a href=\"https:\/\/obrasmanchareal.com\/proyecto\/reforma-nave-industrial\/\" target=\"_blank\" rel=\"noopener\">rehabilitaci\u00f3n Nave Industrial para Almac\u00e9n de Material de Construcci\u00f3n y Material El\u00e9ctrico<\/a>.[\/vc_column_text][vc_empty_space][\/vc_column][\/vc_row][vc_row css_animation=&#8221;&#8221; row_type=&#8221;row&#8221; use_row_as_full_screen_section=&#8221;no&#8221; type=&#8221;grid&#8221; angled_section=&#8221;no&#8221; text_align=&#8221;left&#8221; background_image_as_pattern=&#8221;without_pattern&#8221;][vc_column][vc_column_text]Los trabajos de rehabilitaci\u00f3n en esta reforma industrial consistieron en la adecuaci\u00f3n de una nave con una superficie de 1.800\u201900 m2 para adaptarla a las necesidades y a la normativa vigente atendiendo al tipo de uso al que destinar\u00e1 como almac\u00e9n de materiales de construcci\u00f3n y el\u00e9ctricos.[\/vc_column_text][vc_empty_space][\/vc_column][\/vc_row][vc_row css_animation=&#8221;&#8221; row_type=&#8221;row&#8221; use_row_as_full_screen_section=&#8221;no&#8221; type=&#8221;grid&#8221; angled_section=&#8221;no&#8221; text_align=&#8221;left&#8221; background_image_as_pattern=&#8221;without_pattern&#8221;][vc_column][vc_column_text]Como hemos dicho anteriormente abarcamos proyectos de diferente tipolog\u00eda y que necesitan una ejecuci\u00f3n personalizada. Somos especializados en realizar una\u00a0<strong>reforma industrial.\u00a0<span style=\"font-weight: 400;\">Si necesitas m\u00e1s informaci\u00f3n ponte en contacto con nosotros y aclara todas tus dudas. \u00a1Estamos dispuestos a ayudarte!<\/span><\/strong>[\/vc_column_text][vc_empty_space][\/vc_column][\/vc_row][vc_row css_animation=&#8221;&#8221; row_type=&#8221;row&#8221; use_row_as_full_screen_section=&#8221;no&#8221; type=&#8221;grid&#8221; angled_section=&#8221;no&#8221; text_align=&#8221;center&#8221; background_image_as_pattern=&#8221;without_pattern&#8221; css=&#8221;.vc_custom_1535615473502{background-color: #f9f9f9 !important;}&#8221;][vc_column][vc_empty_space][vc_column_text el_class=&#8221;entrada-proyectos&#8221;]<\/p>\n<p style=\"text-align: center;\">Mira por qu\u00e9 somos la empresa <strong>constructora en Ja\u00e9n<\/strong> con mayor reconocimiento\u00a0en <strong>ingenier\u00eda industrial<\/strong><\/p>\n<p style=\"text-align: center;\">Conoce nuestros proyectos de <b>ingenier\u00eda industrial: reforma industrial y construcci\u00f3n de naves industriales.<\/b><\/p>\n<p>[\/vc_column_text][\/vc_column][vc_column][vc_empty_space][portfolio_list type=&#8221;standard&#8221; hover_type_standard=&#8221;default&#8221; columns=&#8221;4&#8243; order_by=&#8221;date&#8221; order=&#8221;DESC&#8221; filter=&#8221;no&#8221; show_load_more=&#8221;no&#8221; number=&#8221;8&#8243; category=&#8221;reformas&#8221; show_title=&#8221;yes&#8221;][button size=&#8221;small&#8221; target=&#8221;_self&#8221; hover_type=&#8221;default&#8221; text_align=&#8221;center&#8221; text=&#8221;Ver todos los proyectos&#8221; link=&#8221;https:\/\/obrasmanchareal.com\/proyectos\/&#8221; background_color=&#8221;#faa950&#8243; hover_background_color=&#8221;#2e2e2e&#8221; border_color=&#8221;#faa950&#8243; hover_border_color=&#8221;#2e2e2e&#8221;][vc_empty_space][\/vc_column][\/vc_row]<\/p>\n","protected":false},"excerpt":{"rendered":"<p>[vc_row css_animation=&#8221;&#8221; row_type=&#8221;row&#8221; use_row_as_full_screen_section=&#8221;no&#8221; type=&#8221;grid&#8221; angled_section=&#8221;no&#8221; text_align=&#8221;left&#8221; background_image_as_pattern=&#8221;without_pattern&#8221;][vc_column][vc_empty_space][vc_empty_space][vc_column_text] El \u00e1rea industrial es otro de nuestros sectores de especializaci\u00f3n; en este campo ofrecemos a nuestros clientes un profundo conocimiento en materia de log\u00edsticas industriales, acondicionamiento de naves industriales as\u00ed como proyectos de reforma industrial. [\/vc_column_text][vc_empty_space][\/vc_column][\/vc_row][vc_row css_animation=&#8221;&#8221; row_type=&#8221;row&#8221; use_row_as_full_screen_section=&#8221;no&#8221; type=&#8221;grid&#8221; angled_section=&#8221;no&#8221; text_align=&#8221;left&#8221; background_image_as_pattern=&#8221;without_pattern&#8221;][vc_column][vc_empty_space][\/vc_column][\/vc_row][vc_row css_animation=&#8221;&#8221; row_type=&#8221;row&#8221; use_row_as_full_screen_section=&#8221;no&#8221; type=&#8221;grid&#8221; &hellip; <\/p>\n<p class=\"link-more\"><a href=\"https:\/\/obrasmanchareal.com\/?page_id=18500\" class=\"more-link\">Continue reading<span class=\"screen-reader-text\"> &#8220;Reforma industrial&#8221;<\/span><\/a><\/p>\n","protected":false},"author":4,"featured_media":0,"parent":0,"menu_order":0,"comment_status":"closed","ping_status":"closed","template":"full_width.php","meta":{"footnotes":""},"class_list":["post-18500","page","type-page","status-publish","hentry","entry"],"_links":{"self":[{"href":"https:\/\/obrasmanchareal.com\/index.php?rest_route=\/wp\/v2\/pages\/18500","targetHints":{"allow":["GET"]}}],"collection":[{"href":"https:\/\/obrasmanchareal.com\/index.php?rest_route=\/wp\/v2\/pages"}],"about":[{"href":"https:\/\/obrasmanchareal.com\/index.php?rest_route=\/wp\/v2\/types\/page"}],"author":[{"embeddable":true,"href":"https:\/\/obrasmanchareal.com\/index.php?rest_route=\/wp\/v2\/users\/4"}],"replies":[{"embeddable":true,"href":"https:\/\/obrasmanchareal.com\/index.php?rest_route=%2Fwp%2Fv2%2Fcomments&post=18500"}],"version-history":[{"count":6,"href":"https:\/\/obrasmanchareal.com\/index.php?rest_route=\/wp\/v2\/pages\/18500\/revisions"}],"predecessor-version":[{"id":18911,"href":"https:\/\/obrasmanchareal.com\/index.php?rest_route=\/wp\/v2\/pages\/18500\/revisions\/18911"}],"wp:attachment":[{"href":"https:\/\/obrasmanchareal.com\/index.php?rest_route=%2Fwp%2Fv2%2Fmedia&parent=18500"}],"curies":[{"name":"wp","href":"https:\/\/api.w.org\/{rel}","templated":true}]}}