{"id":18332,"date":"2018-08-31T08:22:31","date_gmt":"2018-08-31T06:22:31","guid":{"rendered":"https:\/\/obrasmanchareal.com\/?page_id=18332"},"modified":"2019-10-28T14:33:55","modified_gmt":"2019-10-28T12:33:55","slug":"reformas-y-diseno-de-interiores","status":"publish","type":"page","link":"https:\/\/obrasmanchareal.com\/?page_id=18332","title":{"rendered":"Reformas e interiorismo"},"content":{"rendered":"<p>[vc_row css_animation=&#8221;&#8221; row_type=&#8221;row&#8221; use_row_as_full_screen_section=&#8221;no&#8221; type=&#8221;grid&#8221; angled_section=&#8221;no&#8221; text_align=&#8221;left&#8221; background_image_as_pattern=&#8221;without_pattern&#8221;][vc_column][vc_empty_space][vc_empty_space][vc_column_text]<\/p>\n<h2>&#8220;Mancha Real Obras como constructora brinda el servicio de <strong>rehabilitaci\u00f3n, reformas y dise\u00f1o de interiores<\/strong>, que cubre rehabilitaciones singulares y espec\u00edficas, da\u00f1os estructurales y reformas integrales&#8221;<\/h2>\n<p>[\/vc_column_text][vc_empty_space][\/vc_column][\/vc_row][vc_row css_animation=&#8221;&#8221; row_type=&#8221;row&#8221; use_row_as_full_screen_section=&#8221;no&#8221; type=&#8221;grid&#8221; angled_section=&#8221;no&#8221; text_align=&#8221;left&#8221; background_image_as_pattern=&#8221;without_pattern&#8221;][vc_column][vc_empty_space][\/vc_column][\/vc_row][vc_row css_animation=&#8221;&#8221; row_type=&#8221;row&#8221; use_row_as_full_screen_section=&#8221;no&#8221; type=&#8221;grid&#8221; angled_section=&#8221;no&#8221; text_align=&#8221;left&#8221; background_image_as_pattern=&#8221;without_pattern&#8221;][vc_column][vc_column_text]Durante toda la trayectoria de nuestra empresa en el sector de la construcci\u00f3n hemos demostrado una dilatada experiencia en la <strong>rehabilitaci\u00f3n, reformas y dise\u00f1o de interiores.<\/strong>[\/vc_column_text][vc_empty_space][\/vc_column][\/vc_row][vc_row css_animation=&#8221;&#8221; row_type=&#8221;row&#8221; use_row_as_full_screen_section=&#8221;no&#8221; type=&#8221;grid&#8221; angled_section=&#8221;no&#8221; text_align=&#8221;left&#8221; background_image_as_pattern=&#8221;without_pattern&#8221;][vc_column][vc_column_text]En Mancha Real Obras \u00a0damos soluciones a las necesidades de nuestros clientes, realizando desde las reformas m\u00e1s peque\u00f1as a particulares, pasando desde rehabilitaciones singulares y espec\u00edficas tales como da\u00f1os estructurales hasta rehabilitaciones integrales de edificios adecu\u00e1ndolos por completo.[\/vc_column_text][vc_empty_space][\/vc_column][\/vc_row][vc_row css_animation=&#8221;&#8221; row_type=&#8221;row&#8221; use_row_as_full_screen_section=&#8221;no&#8221; type=&#8221;grid&#8221; angled_section=&#8221;no&#8221; text_align=&#8221;left&#8221; background_image_as_pattern=&#8221;without_pattern&#8221;][vc_column][vc_column_text]Contamos con un equipo especializado en <strong>rehabilitaci\u00f3n, reformas y dise\u00f1o de interiores<\/strong>, con muchos a\u00f1os de trabajo dedicados a la <strong>rehabilitaci\u00f3n, reformas y dise\u00f1o de interiores\u00a0<\/strong>de edificios y locales comerciales, que ofrecen un amplio abanico de soluciones adaptadas a todas las necesidades.[\/vc_column_text][vc_empty_space][\/vc_column][\/vc_row][vc_row css_animation=&#8221;&#8221; row_type=&#8221;row&#8221; use_row_as_full_screen_section=&#8221;no&#8221; type=&#8221;grid&#8221; angled_section=&#8221;no&#8221; text_align=&#8221;left&#8221; background_image_as_pattern=&#8221;without_pattern&#8221;][vc_column][vc_column_text]Realizamos <strong>reformas, rehabilitaciones y dise\u00f1o de interiores <\/strong>de edificio, recogiendo las inquietudes y necesidades de nuestros clientes, analiz\u00e1ndolas, dando soluciones t\u00e9cnicas y constructivas adecuadas, ofreciendo un producto final <strong>llave en mano<\/strong> de inmejorable calidad.[\/vc_column_text][vc_empty_space][\/vc_column][\/vc_row][vc_row css_animation=&#8221;&#8221; row_type=&#8221;row&#8221; use_row_as_full_screen_section=&#8221;no&#8221; type=&#8221;grid&#8221; angled_section=&#8221;no&#8221; text_align=&#8221;center&#8221; background_image_as_pattern=&#8221;without_pattern&#8221; css=&#8221;.vc_custom_1535615473502{background-color: #f9f9f9 !important;}&#8221;][vc_column][vc_empty_space][vc_column_text el_class=&#8221;entrada-proyectos&#8221;]<\/p>\n<p style=\"text-align: center;\">\u00bfQuieres ver nuestros proyectos como <strong>constructora <\/strong>especializada en la<strong> rehabilitaci\u00f3n, reforma y dise\u00f1o de interiores?<\/strong><\/p>\n<p style=\"text-align: center;\">Echa un vistazo a los siguientes proyectos de<strong> reformas integrales.<\/strong><\/p>\n<p>[\/vc_column_text][\/vc_column][vc_column][vc_empty_space][portfolio_list type=&#8221;standard&#8221; hover_type_standard=&#8221;default&#8221; columns=&#8221;4&#8243; order_by=&#8221;date&#8221; order=&#8221;DESC&#8221; filter=&#8221;no&#8221; show_load_more=&#8221;no&#8221; number=&#8221;8&#8243; category=&#8221;reformas&#8221; show_title=&#8221;yes&#8221;][button size=&#8221;small&#8221; target=&#8221;_self&#8221; hover_type=&#8221;default&#8221; text_align=&#8221;center&#8221; text=&#8221;Ver todos los proyectos&#8221; link=&#8221;https:\/\/obrasmanchareal.com\/proyectos\/&#8221; background_color=&#8221;#faa950&#8243; hover_background_color=&#8221;#2e2e2e&#8221; border_color=&#8221;#faa950&#8243; hover_border_color=&#8221;#2e2e2e&#8221;][vc_empty_space][\/vc_column][vc_column][vc_column_text]A lo largo de nuestros a\u00f1os de experiencia hemos realizados distintos proyectos de <strong>rehabilitaci\u00f3n, reformas y dise\u00f1o de interiores<\/strong>. Urbanizaci\u00f3n de residenciales, edificios de viviendas en bloque, viviendas unifamiliares, casas de campo, edificios p\u00fablicos e industriales.[\/vc_column_text][vc_empty_space][\/vc_column][\/vc_row][vc_row css_animation=&#8221;&#8221; row_type=&#8221;row&#8221; use_row_as_full_screen_section=&#8221;no&#8221; type=&#8221;grid&#8221; angled_section=&#8221;no&#8221; text_align=&#8221;left&#8221; background_image_as_pattern=&#8221;without_pattern&#8221;][vc_column][vc_empty_space][vc_column_text]<\/p>\n<h4><strong>\u00bfCu\u00e1les son nuestros proyectos de reformas rehabilitaci\u00f3n, reformas y dise\u00f1o de interiores?<\/strong><\/h4>\n<p>[\/vc_column_text][vc_separator type=&#8221;small&#8221; position=&#8221;left&#8221; color=&#8221;#2e2e2e&#8221; transparency=&#8221;1&#8243; thickness=&#8221;1&#8243; up=&#8221;20&#8243; down=&#8221;20&#8243;][vc_empty_space][\/vc_column][\/vc_row][vc_row css_animation=&#8221;&#8221; row_type=&#8221;row&#8221; use_row_as_full_screen_section=&#8221;no&#8221; type=&#8221;grid&#8221; angled_section=&#8221;no&#8221; text_align=&#8221;left&#8221; background_image_as_pattern=&#8221;without_pattern&#8221;][vc_column][vc_column_text]Nuestros servicios de alt\u00edsima calidad se concentran en:[\/vc_column_text][vc_empty_space][\/vc_column][\/vc_row][vc_row css_animation=&#8221;&#8221; row_type=&#8221;row&#8221; use_row_as_full_screen_section=&#8221;no&#8221; type=&#8221;grid&#8221; angled_section=&#8221;no&#8221; text_align=&#8221;left&#8221; background_image_as_pattern=&#8221;without_pattern&#8221;][vc_column][vc_column_text]<\/p>\n<ul>\n<li>Rehabilitaci\u00f3n de fachadas<\/li>\n<li>Rehabilitaci\u00f3n de edificios<\/li>\n<li>Reformas integrales<\/li>\n<li>Reformas local comercial<\/li>\n<\/ul>\n<p>[\/vc_column_text][vc_empty_space][\/vc_column][\/vc_row][vc_row css_animation=&#8221;&#8221; row_type=&#8221;row&#8221; use_row_as_full_screen_section=&#8221;no&#8221; type=&#8221;grid&#8221; angled_section=&#8221;no&#8221; text_align=&#8221;left&#8221; background_image_as_pattern=&#8221;without_pattern&#8221;][vc_column][vc_column_text]<\/p>\n<h4><strong>Rehabilitaci\u00f3n<\/strong> de fachadas<\/h4>\n<p>[\/vc_column_text][vc_separator type=&#8221;small&#8221; position=&#8221;left&#8221; color=&#8221;#2e2e2e&#8221; transparency=&#8221;1&#8243; thickness=&#8221;1&#8243; up=&#8221;20&#8243; down=&#8221;20&#8243;][vc_empty_space][\/vc_column][\/vc_row][vc_row css_animation=&#8221;&#8221; row_type=&#8221;row&#8221; use_row_as_full_screen_section=&#8221;no&#8221; type=&#8221;grid&#8221; angled_section=&#8221;no&#8221; text_align=&#8221;left&#8221; background_image_as_pattern=&#8221;without_pattern&#8221;][vc_column][vc_column_text]Somos\u00a0especialistas en rehabilitar fachadas de edificios, impermeabilizamos terrazas y terrados. Realizamos la rehabilitaci\u00f3n de edificios de manera completa. \u00a1Nos ocupamos de todo\u00a0dejamos las fachadas del edifico impecables, como si reci\u00e9n estuviera hecha!\u00a0Tambi\u00e9n ofrecemos servicios completos de reformas integrales de edificios.[\/vc_column_text][vc_empty_space][\/vc_column][\/vc_row][vc_row css_animation=&#8221;&#8221; row_type=&#8221;row&#8221; use_row_as_full_screen_section=&#8221;no&#8221; type=&#8221;grid&#8221; angled_section=&#8221;no&#8221; text_align=&#8221;left&#8221; background_image_as_pattern=&#8221;without_pattern&#8221;][vc_column][vc_column_text]<\/p>\n<h4><strong>Rehabilitaci\u00f3n de edificios<\/strong><\/h4>\n<p>[\/vc_column_text][vc_separator type=&#8221;small&#8221; position=&#8221;left&#8221; color=&#8221;#2e2e2e&#8221; transparency=&#8221;1&#8243; thickness=&#8221;1&#8243; up=&#8221;20&#8243; down=&#8221;20&#8243;][vc_empty_space][\/vc_column][\/vc_row][vc_row css_animation=&#8221;&#8221; row_type=&#8221;row&#8221; use_row_as_full_screen_section=&#8221;no&#8221; type=&#8221;grid&#8221; angled_section=&#8221;no&#8221; text_align=&#8221;left&#8221; background_image_as_pattern=&#8221;without_pattern&#8221;][vc_column][vc_column_text]Somos\u00a0especialistas en\u00a0rehabilitar edificios<strong>\u00a0<\/strong>por completo, nos ocupamos tanto de sus fachadas, patios, cubiertas, estructuras, ascensores, fontaner\u00eda y electricidad del edificio, bajantes y ascendente.\u00a0Nos ocupamos de todos los aspectos para que las reformas integrales dejen el edificio como nuevo en todos sus aspectos, afuera y adentro.[\/vc_column_text][vc_empty_space][\/vc_column][\/vc_row][vc_row css_animation=&#8221;&#8221; row_type=&#8221;row&#8221; use_row_as_full_screen_section=&#8221;no&#8221; type=&#8221;grid&#8221; angled_section=&#8221;no&#8221; text_align=&#8221;left&#8221; background_image_as_pattern=&#8221;without_pattern&#8221;][vc_column][vc_column_text]<\/p>\n<h4><strong>Reformas integrales<\/strong><\/h4>\n<p>[\/vc_column_text][vc_separator type=&#8221;small&#8221; position=&#8221;left&#8221; color=&#8221;#2e2e2e&#8221; transparency=&#8221;1&#8243; thickness=&#8221;1&#8243; up=&#8221;20&#8243; down=&#8221;20&#8243;][vc_empty_space][\/vc_column][\/vc_row][vc_row css_animation=&#8221;&#8221; row_type=&#8221;row&#8221; use_row_as_full_screen_section=&#8221;no&#8221; type=&#8221;grid&#8221; angled_section=&#8221;no&#8221; text_align=&#8221;left&#8221; background_image_as_pattern=&#8221;without_pattern&#8221;][vc_column][vc_column_text]Como hemos dicho anteriormente abarcamos proyectos de diferente tipolog\u00eda y que necesitan una ejecuci\u00f3n personalizada. Somos especializados en realizar reformas integrales, de edificios, locales comerciales, naves industriales, y cualquier otro tipo de proyecto para empresas, particulares o entidades p\u00fablicas.[\/vc_column_text][vc_empty_space][\/vc_column][\/vc_row][vc_row css_animation=&#8221;&#8221; row_type=&#8221;row&#8221; use_row_as_full_screen_section=&#8221;no&#8221; type=&#8221;grid&#8221; angled_section=&#8221;no&#8221; text_align=&#8221;left&#8221; background_image_as_pattern=&#8221;without_pattern&#8221;][vc_column][vc_column_text]<\/p>\n<h4><strong>Reformas local comercial<\/strong><\/h4>\n<p>[\/vc_column_text][vc_separator type=&#8221;small&#8221; position=&#8221;left&#8221; color=&#8221;#2e2e2e&#8221; transparency=&#8221;1&#8243; thickness=&#8221;1&#8243; up=&#8221;20&#8243; down=&#8221;20&#8243;][vc_empty_space][\/vc_column][\/vc_row][vc_row css_animation=&#8221;&#8221; row_type=&#8221;row&#8221; use_row_as_full_screen_section=&#8221;no&#8221; type=&#8221;grid&#8221; angled_section=&#8221;no&#8221; text_align=&#8221;left&#8221; background_image_as_pattern=&#8221;without_pattern&#8221;][vc_column][vc_column_text]No solo nos dedicamos a la <strong>rehabilitaci\u00f3n, reformas y dise\u00f1o de interiores<\/strong>. A lo largo de nuestra trayectoria nos hemos especializados en la reforma de locales comerciales, de peque\u00f1a, mediana y grande dimensi\u00f3n.[\/vc_column_text][vc_empty_space][\/vc_column][\/vc_row][vc_row css_animation=&#8221;&#8221; row_type=&#8221;row&#8221; use_row_as_full_screen_section=&#8221;no&#8221; type=&#8221;grid&#8221; angled_section=&#8221;no&#8221; text_align=&#8221;left&#8221; background_image_as_pattern=&#8221;without_pattern&#8221;][vc_column][vc_column_text]<\/p>\n<h4><strong>\u00bfPor qu\u00e9 confiar en Mancha Real Obras para la reforma y rehabilitaci\u00f3n de fachadas?<\/strong><\/h4>\n<p>[\/vc_column_text][vc_separator type=&#8221;small&#8221; position=&#8221;left&#8221; color=&#8221;#2e2e2e&#8221; transparency=&#8221;1&#8243; thickness=&#8221;1&#8243; up=&#8221;20&#8243; down=&#8221;20&#8243;][vc_empty_space][\/vc_column][\/vc_row][vc_row css_animation=&#8221;&#8221; row_type=&#8221;row&#8221; use_row_as_full_screen_section=&#8221;no&#8221; type=&#8221;grid&#8221; angled_section=&#8221;no&#8221; text_align=&#8221;left&#8221; background_image_as_pattern=&#8221;without_pattern&#8221;][vc_column][vc_column_text]Con m\u00e1s de 35 a\u00f1os de experiencia en el sector de la construcci\u00f3n nos adaptamos a las necesidades de nuestros clientes y a los diferentes par\u00e1metros de construcci\u00f3n, activando nuestro equipo de arquitectos, optimizando de esta manera todos los procesos que se en funci\u00f3n de la tipolog\u00eda de edificio. Hemos realizado m\u00e1s de 15 grandes proyectos de reforma, rehabilitaci\u00f3n y dise\u00f1o de interiores, que van desde tipolog\u00edas como reformas de local comercial, reparaci\u00f3n de cubiertas, reformas integrales de zonas urbanas, hasta la reforma y rehabilitaci\u00f3n de naves industriales.[\/vc_column_text][vc_empty_space][\/vc_column][\/vc_row][vc_row css_animation=&#8221;&#8221; row_type=&#8221;row&#8221; use_row_as_full_screen_section=&#8221;no&#8221; type=&#8221;grid&#8221; angled_section=&#8221;no&#8221; text_align=&#8221;left&#8221; background_image_as_pattern=&#8221;without_pattern&#8221; css=&#8221;.vc_custom_1535694683121{background-color: #f9f9f9 !important;}&#8221;][vc_column][vc_empty_space][vc_column_text el_class=&#8221;entrada-proyectos&#8221;]<\/p>\n<p style=\"text-align: center;\"><em>\u00bfBuscas constructoras expertas en\u00a0<strong>rehabilitaci\u00f3n, reformas y dise\u00f1o de interiores<\/strong>?<\/em><\/p>\n<p>[\/vc_column_text][vc_column_text el_class=&#8221;enlace-contacta&#8221;]<\/p>\n<p style=\"text-align: center;\"><a href=\"https:\/\/obrasmanchareal.com\/contacto\/\"><em>Contacta con nosotros <strong>aqu\u00ed<\/strong><\/em><\/a><\/p>\n<p>[\/vc_column_text][vc_empty_space][\/vc_column][\/vc_row]<\/p>\n","protected":false},"excerpt":{"rendered":"<p>[vc_row css_animation=&#8221;&#8221; row_type=&#8221;row&#8221; use_row_as_full_screen_section=&#8221;no&#8221; type=&#8221;grid&#8221; angled_section=&#8221;no&#8221; text_align=&#8221;left&#8221; background_image_as_pattern=&#8221;without_pattern&#8221;][vc_column][vc_empty_space][vc_empty_space][vc_column_text] &#8220;Mancha Real Obras como constructora brinda el servicio de rehabilitaci\u00f3n, reformas y dise\u00f1o de interiores, que cubre rehabilitaciones singulares y espec\u00edficas, da\u00f1os estructurales y reformas integrales&#8221; [\/vc_column_text][vc_empty_space][\/vc_column][\/vc_row][vc_row css_animation=&#8221;&#8221; row_type=&#8221;row&#8221; use_row_as_full_screen_section=&#8221;no&#8221; type=&#8221;grid&#8221; angled_section=&#8221;no&#8221; text_align=&#8221;left&#8221; background_image_as_pattern=&#8221;without_pattern&#8221;][vc_column][vc_empty_space][\/vc_column][\/vc_row][vc_row css_animation=&#8221;&#8221; row_type=&#8221;row&#8221; use_row_as_full_screen_section=&#8221;no&#8221; type=&#8221;grid&#8221; angled_section=&#8221;no&#8221; text_align=&#8221;left&#8221; background_image_as_pattern=&#8221;without_pattern&#8221;][vc_column][vc_column_text]Durante toda la trayectoria de nuestra empresa &hellip; <\/p>\n<p class=\"link-more\"><a href=\"https:\/\/obrasmanchareal.com\/?page_id=18332\" class=\"more-link\">Continue reading<span class=\"screen-reader-text\"> &#8220;Reformas e interiorismo&#8221;<\/span><\/a><\/p>\n","protected":false},"author":4,"featured_media":0,"parent":0,"menu_order":0,"comment_status":"closed","ping_status":"closed","template":"full_width.php","meta":{"footnotes":""},"class_list":["post-18332","page","type-page","status-publish","hentry","entry"],"_links":{"self":[{"href":"https:\/\/obrasmanchareal.com\/index.php?rest_route=\/wp\/v2\/pages\/18332","targetHints":{"allow":["GET"]}}],"collection":[{"href":"https:\/\/obrasmanchareal.com\/index.php?rest_route=\/wp\/v2\/pages"}],"about":[{"href":"https:\/\/obrasmanchareal.com\/index.php?rest_route=\/wp\/v2\/types\/page"}],"author":[{"embeddable":true,"href":"https:\/\/obrasmanchareal.com\/index.php?rest_route=\/wp\/v2\/users\/4"}],"replies":[{"embeddable":true,"href":"https:\/\/obrasmanchareal.com\/index.php?rest_route=%2Fwp%2Fv2%2Fcomments&post=18332"}],"version-history":[{"count":15,"href":"https:\/\/obrasmanchareal.com\/index.php?rest_route=\/wp\/v2\/pages\/18332\/revisions"}],"predecessor-version":[{"id":18910,"href":"https:\/\/obrasmanchareal.com\/index.php?rest_route=\/wp\/v2\/pages\/18332\/revisions\/18910"}],"wp:attachment":[{"href":"https:\/\/obrasmanchareal.com\/index.php?rest_route=%2Fwp%2Fv2%2Fmedia&parent=18332"}],"curies":[{"name":"wp","href":"https:\/\/api.w.org\/{rel}","templated":true}]}}