{"id":18073,"date":"2018-07-20T13:08:21","date_gmt":"2018-07-20T11:08:21","guid":{"rendered":"https:\/\/obrasmanchareal.com\/?page_id=18073"},"modified":"2021-09-14T10:00:08","modified_gmt":"2021-09-14T08:00:08","slug":"constructora-jaen","status":"publish","type":"page","link":"https:\/\/obrasmanchareal.com\/?page_id=18073","title":{"rendered":"Constructora Ja\u00e9n"},"content":{"rendered":"<p>[vc_row css_animation=&#8221;&#8221; row_type=&#8221;row&#8221; use_row_as_full_screen_section=&#8221;no&#8221; type=&#8221;grid&#8221; angled_section=&#8221;no&#8221; text_align=&#8221;left&#8221; background_image_as_pattern=&#8221;without_pattern&#8221;][vc_column][vc_empty_space][vc_empty_space][vc_column_text]<\/p>\n<h2>\u201cComo <strong>constructora Ja\u00e9n<\/strong>, realizamos <strong>reformas integrales<\/strong>, construcci\u00f3n de edificios, construcci\u00f3n de naves industriales y todo tipo de proyectos de obra civil en la provincia de Ja\u00e9n\u201d<\/h2>\n<p>[\/vc_column_text][vc_empty_space][\/vc_column][\/vc_row][vc_row css_animation=&#8221;&#8221; row_type=&#8221;row&#8221; use_row_as_full_screen_section=&#8221;no&#8221; type=&#8221;grid&#8221; angled_section=&#8221;no&#8221; text_align=&#8221;left&#8221; background_image_as_pattern=&#8221;without_pattern&#8221;][vc_column][vc_column_text]Somos Mancha Real Obras, nos ubicamos entre las <strong>empresas constructoras<\/strong> de Ja\u00e9n m\u00e1s reconocidas por los clientes, gracias a los <strong> proyectos de construcci\u00f3n <\/strong> que realizamos, principalmente en <strong> reformas integrales<\/strong> , construcciones y reformas, construcci\u00f3n de naves industriales y todo tipo de proyectos de obra civil en la provincia de Ja\u00e9n, Andaluc\u00eda. [\/vc_column_text][vc_empty_space][\/vc_column][\/vc_row][vc_row css_animation=&#8221;&#8221; row_type=&#8221;row&#8221; use_row_as_full_screen_section=&#8221;no&#8221; type=&#8221;grid&#8221; angled_section=&#8221;no&#8221; text_align=&#8221;left&#8221; background_image_as_pattern=&#8221;without_pattern&#8221;][vc_column][vc_column_text]Como <strong>constructora Ja\u00e9n<\/strong> llevamos a\u00f1os desarrollando proyectos en el <strong>sector de la construcci\u00f3n<\/strong> y de esta manera hemos ganado gran experiencia en el planteamiento de un <strong>proyecto de construcci\u00f3n<\/strong> para cada divisi\u00f3n, ya sea para el sector industrial como para el residencial.[\/vc_column_text][vc_empty_space][\/vc_column][\/vc_row][vc_row css_animation=&#8221;&#8221; row_type=&#8221;row&#8221; use_row_as_full_screen_section=&#8221;no&#8221; type=&#8221;grid&#8221; angled_section=&#8221;no&#8221; text_align=&#8221;left&#8221; background_image_as_pattern=&#8221;without_pattern&#8221;][vc_column][vc_column_text]Nuestro portfolio de trabajos, como <strong>empresa constructora<\/strong>, lo conforman varios <strong>proyectos de construcci\u00f3n<\/strong> de los que hemos sido ejecutores:<\/p>\n<p>[\/vc_column_text][vc_empty_space][\/vc_column][\/vc_row][vc_row css_animation=&#8221;&#8221; row_type=&#8221;row&#8221; use_row_as_full_screen_section=&#8221;no&#8221; type=&#8221;grid&#8221; angled_section=&#8221;no&#8221; text_align=&#8221;left&#8221; background_image_as_pattern=&#8221;without_pattern&#8221;][vc_column][vc_column_text]<\/p>\n<ul>\n<li>Reforma y\u00a0construcci\u00f3n de naves industriales<\/li>\n<li>Construcci\u00f3n de edificios<\/li>\n<li>Proyectos de obra civil<\/li>\n<li>Reforma local comercial<\/li>\n<li>Rehabilitaci\u00f3n de fachadas<\/li>\n<li>Rehabilitaci\u00f3n de edificios<\/li>\n<li><strong>Vivienda de lujo<\/strong><\/li>\n<\/ul>\n<p>[\/vc_column_text][vc_empty_space][\/vc_column][\/vc_row][vc_row css_animation=&#8221;&#8221; row_type=&#8221;row&#8221; use_row_as_full_screen_section=&#8221;no&#8221; type=&#8221;grid&#8221; angled_section=&#8221;no&#8221; text_align=&#8221;left&#8221; background_image_as_pattern=&#8221;without_pattern&#8221; css=&#8221;.vc_custom_1531908694752{background-color: #f9f9f9 !important;}&#8221;][vc_column][vc_empty_space][vc_column_text el_class=&#8221;entrada-proyectos&#8221;]<\/p>\n<p style=\"text-align: center;\">Conoce los proyectos por los que Mancha Real Obras es la <strong>constructora en Ja\u00e9n<\/strong> con mayor demanda de proyectos en <strong>ingenier\u00eda industrial<\/strong>, <strong>arquitectura<\/strong> y <strong>obra civil.<\/strong><\/p>\n<p>[\/vc_column_text][\/vc_column][\/vc_row][vc_row css_animation=&#8221;&#8221; row_type=&#8221;row&#8221; use_row_as_full_screen_section=&#8221;no&#8221; type=&#8221;grid&#8221; angled_section=&#8221;no&#8221; text_align=&#8221;center&#8221; background_image_as_pattern=&#8221;without_pattern&#8221; css=&#8221;.vc_custom_1531908769255{background-color: #f9f9f9 !important;}&#8221;][vc_column][vc_empty_space][portfolio_list type=&#8221;standard&#8221; hover_type_standard=&#8221;default&#8221; columns=&#8221;4&#8243; order_by=&#8221;date&#8221; order=&#8221;DESC&#8221; filter=&#8221;no&#8221; show_load_more=&#8221;no&#8221; number=&#8221;8&#8243; category=&#8221;jaen&#8221; show_title=&#8221;yes&#8221;][button size=&#8221;small&#8221; target=&#8221;_self&#8221; hover_type=&#8221;default&#8221; text_align=&#8221;center&#8221; text=&#8221;Ver todos los proyectos&#8221; link=&#8221;https:\/\/obrasmanchareal.com\/proyectos\/&#8221; color=&#8221;#ffffff&#8221; hover_color=&#8221;#ffffff&#8221; background_color=&#8221;#faa950&#8243; hover_background_color=&#8221;#2e2e2e&#8221; border_color=&#8221;#faa950&#8243; hover_border_color=&#8221;#2e2e2e&#8221;][vc_empty_space][\/vc_column][\/vc_row][vc_row css_animation=&#8221;&#8221; row_type=&#8221;row&#8221; use_row_as_full_screen_section=&#8221;no&#8221; type=&#8221;grid&#8221; angled_section=&#8221;no&#8221; text_align=&#8221;left&#8221; background_image_as_pattern=&#8221;without_pattern&#8221;][vc_column][vc_empty_space][vc_empty_space][vc_column_text]<\/p>\n<h4><strong>Constructora Ja\u00e9n<\/strong> con <strong>a\u00f1os de experiencia<\/strong> en reforma y construcci\u00f3n de naves industriales.<\/h4>\n<p>[\/vc_column_text][vc_separator type=&#8221;small&#8221; position=&#8221;left&#8221; color=&#8221;#2e2e2e&#8221; transparency=&#8221;1&#8243; thickness=&#8221;1&#8243; up=&#8221;20&#8243; down=&#8221;20&#8243;][vc_empty_space][\/vc_column][\/vc_row][vc_row css_animation=&#8221;&#8221; row_type=&#8221;row&#8221; use_row_as_full_screen_section=&#8221;no&#8221; type=&#8221;grid&#8221; angled_section=&#8221;no&#8221; text_align=&#8221;left&#8221; background_image_as_pattern=&#8221;without_pattern&#8221;][vc_column][vc_column_text]<\/p>\n<ul>\n<li><strong><em>Reformas integrales:<\/em><\/strong> rehabilitaci\u00f3n Nave Industrial para Almac\u00e9n de Material El\u00e9ctrico y de Construcci\u00f3n (a\u00f1o: 2009)<br \/>\nNuestra <strong>empresa constructora<\/strong> se comprometi\u00f3 en 2009 junto con el ingeniero Francisco Jos\u00e9 Bueno Moreno en entregar la rehabilitaci\u00f3n de una nave industrial para el almacenamiento de materiales el\u00e9ctricos y de construcci\u00f3n en la ciudad de Ja\u00e9n, para el cliente Carlos Martos Nava. Esta <strong>reforma integral<\/strong> para este <strong>proyecto de construcci\u00f3n<\/strong> que ha realizado nuestra constructora en Ja\u00e9n, engloba la adecuaci\u00f3n de una nave con una superficie de casi 2.000\u201900 m2 para adaptarla a las necesidades del cliente y sobre todo a la normativas vigentes sobre el almacenamiento de materiales de construcci\u00f3n y el\u00e9ctricos.<\/li>\n<\/ul>\n<p>[\/vc_column_text][vc_empty_space][\/vc_column][\/vc_row][vc_row css_animation=&#8221;&#8221; row_type=&#8221;row&#8221; use_row_as_full_screen_section=&#8221;no&#8221; type=&#8221;grid&#8221; angled_section=&#8221;no&#8221; text_align=&#8221;left&#8221; background_image_as_pattern=&#8221;without_pattern&#8221;][vc_column][vc_column_text]<\/p>\n<ul>\n<li><em><strong>Proyecto de construcci\u00f3n:<\/strong> concesionario veh\u00edculos industriales (a\u00f1o: 2011)<\/em><br \/>\nEsta reforma industrial se realiz\u00f3 para adecuar una nave industrial, de casi 4.500 m2 como concesionario de veh\u00edculos industriales en el Pol\u00edgono Industrial \u201cEl Guadiel\u201d de Guarrom\u00e1n. Este <strong>proyecto de construcci\u00f3n<\/strong> fue realizado para el cliente Satisteban Veh\u00edculos Industriales. Nuestra empresa <strong>constructora en Ja\u00e9n<\/strong> realiz\u00f3 una colaboraci\u00f3n con grandes arquitectos como Pedro Mart\u00ednez Garc\u00eda y Antonio Garc\u00eda C\u00f3zar para la realizaci\u00f3n de este gran <strong>proyecto de construcci\u00f3n<\/strong>.<\/li>\n<\/ul>\n<p>[\/vc_column_text][vc_empty_space][\/vc_column][\/vc_row][vc_row css_animation=&#8221;&#8221; row_type=&#8221;row&#8221; use_row_as_full_screen_section=&#8221;no&#8221; type=&#8221;grid&#8221; angled_section=&#8221;no&#8221; text_align=&#8221;left&#8221; background_image_as_pattern=&#8221;without_pattern&#8221;][vc_column][vc_column_text]<\/p>\n<ul>\n<li><em><strong>Reformas integrales:<\/strong> nave Almac\u00e9n Valeo (a\u00f1o 2015).<\/em><br \/>\nEste <strong>proyecto de construcci\u00f3n<\/strong> en reforma industrial ha sido ejecutado por nuestra constructora en Ja\u00e9n, dentro del recinto de las instalaciones de Valeo Iluminaci\u00f3n en Martos (Ja\u00e9n) en el a\u00f1o 2015. La intervenci\u00f3n que realiz\u00f3 nuestra empresa constructora consisti\u00f3 en la demolici\u00f3n de la solera existente, muy deterioradas por el uso, con grandes desniveles en toda su longitud, la cual hab\u00eda que resolver para el futuro uso de la nave. Aprovechando dicha intervenci\u00f3n en este <strong>proyecto de construcci\u00f3n<\/strong>, se realiz\u00f3 un saneamiento totalmente nuevo y adecuado a las necesidades del crecimiento que ha ido sufriendo la industria.<\/li>\n<\/ul>\n<p>[\/vc_column_text][vc_empty_space][\/vc_column][\/vc_row][vc_row css_animation=&#8221;&#8221; row_type=&#8221;row&#8221; use_row_as_full_screen_section=&#8221;no&#8221; type=&#8221;grid&#8221; angled_section=&#8221;no&#8221; text_align=&#8221;left&#8221; background_image_as_pattern=&#8221;without_pattern&#8221;][vc_column][vc_column_text]Nuestra <strong>constructora en Ja\u00e9n<\/strong> se encarg\u00f3 de reforzar la cubierta por una nueva estructura y sustituirla por una nueva cubierta de panel con aislamiento, aprovechando para cumplir la normativa vigente. Para cumplir con este <strong>proyecto de construcci\u00f3n<\/strong> en el \u00e1mbito de <strong>reformas integrales<\/strong>, se adecuaron adem\u00e1s, todas las instalaciones de electricidad, telecomunicaciones fontaner\u00eda y contraincendios. Las soleras de la nave se terminaron con una aplicaci\u00f3n de resinas epoxi, delimitando las zonas de futuro trabajo de los equipos que instalara la industria.\u00a0Este importante proyecto que nos otorga una experiencia m\u00e1s s\u00f3lida en el <strong>sector de la construcci\u00f3n<\/strong>, fue realizado en colaboraci\u00f3n con el arquitecto Manuel Zafra Cobo.[\/vc_column_text][vc_empty_space][\/vc_column][\/vc_row][vc_row css_animation=&#8221;&#8221; row_type=&#8221;row&#8221; use_row_as_full_screen_section=&#8221;no&#8221; type=&#8221;grid&#8221; angled_section=&#8221;no&#8221; text_align=&#8221;left&#8221; background_image_as_pattern=&#8221;without_pattern&#8221;][vc_column][vc_empty_space][vc_column_text]<\/p>\n<h4><strong>Constructora Ja\u00e9n, experta en construcci\u00f3n de edificios.<\/strong><\/h4>\n<p>[\/vc_column_text][vc_separator type=&#8221;small&#8221; position=&#8221;left&#8221; color=&#8221;#2e2e2e&#8221; transparency=&#8221;1&#8243; thickness=&#8221;1&#8243; up=&#8221;20&#8243; down=&#8221;20&#8243;][vc_empty_space][\/vc_column][\/vc_row][vc_row css_animation=&#8221;&#8221; row_type=&#8221;row&#8221; use_row_as_full_screen_section=&#8221;no&#8221; type=&#8221;grid&#8221; angled_section=&#8221;no&#8221; text_align=&#8221;left&#8221; background_image_as_pattern=&#8221;without_pattern&#8221;][vc_column][vc_column_text]<\/p>\n<ul>\n<li><em><strong>Proyecto de construcci\u00f3n:<strong> edificio plurifamiliar.<\/strong><\/strong><\/em><br \/>\nEl desarrollo de la construcci\u00f3n del edificio fue realizado por nuestra <strong>constructora en Ja\u00e9n<\/strong> para que la obra se sustente sobre una estructura de p\u00f3rticos y con forjados de hormig\u00f3n armado apoyados en una losa de cimentaci\u00f3n. El edificio se estructura en 4 plantas y un s\u00f3tano destinado a garaje y trasteros. La urbanizaci\u00f3n, ubicada en la \u201cZona Bulevar\u201d de Ja\u00e9n, se caracteriza por sus singulares patios de acceso y la zona de piscina.<\/li>\n<\/ul>\n<p>[\/vc_column_text][vc_empty_space][\/vc_column][\/vc_row][vc_row css_animation=&#8221;&#8221; row_type=&#8221;row&#8221; use_row_as_full_screen_section=&#8221;no&#8221; type=&#8221;grid&#8221; angled_section=&#8221;no&#8221; text_align=&#8221;left&#8221; background_image_as_pattern=&#8221;without_pattern&#8221;][vc_column][vc_column_text]Asimismo, nuestra <strong>constructora en Ja\u00e9n<\/strong> se ha encargado de realizar varios proyectos de construcci\u00f3n donde se destacan la <strong>vivienda de lujo<\/strong>, <strong>villas de lujo<\/strong>, vivienda unifamiliar, etc\u2026 En estos proyectos, nuestra <strong>empresa constructora<\/strong> ha trabajado principalmente en Marbella, donde ha construido villas de lujo como las denominadas: Villa Italia, Villa Cala de Mijas, o Villa de lujo en Paseo Oslo. Entre algunos proyectos de construcci\u00f3n que avalan el trabajo y los a\u00f1os de experiencia de nuestra <strong>constructora Ja\u00e9n<\/strong> tambi\u00e9n se encuentran la construcci\u00f3n de Social Club, una vivienda familiar en urbanizaci\u00f3n Los Flamingos y una vivienda de lujo en La Mairena, entre otros <strong>proyectos de construcci\u00f3n<\/strong> importantes.[\/vc_column_text][vc_empty_space][\/vc_column][\/vc_row][vc_row css_animation=&#8221;&#8221; row_type=&#8221;row&#8221; use_row_as_full_screen_section=&#8221;no&#8221; type=&#8221;grid&#8221; angled_section=&#8221;no&#8221; text_align=&#8221;left&#8221; background_image_as_pattern=&#8221;without_pattern&#8221;][vc_column][vc_column_text]<\/p>\n<ul>\n<li><em><strong>Reformas integrales:<\/strong> reparaci\u00f3n de cubiertas.<\/em><br \/>\nRehabilitaci\u00f3n de edificios. En este proyecto de reforma integral se realiz\u00f3 el desmontaje e instalaci\u00f3n de las nuevas cubiertas as\u00ed como el adecentado de las fachadas de trece edificios independientes situados en la urbanizaci\u00f3n denominada Pol\u00edgono del Valle de Ja\u00e9n. Este <strong>proyecto de construcci\u00f3n<\/strong> fue gestionado y desarrollado por nuestra constructora Ja\u00e9n.<\/li>\n<\/ul>\n<p>[\/vc_column_text][vc_empty_space][\/vc_column][\/vc_row][vc_row css_animation=&#8221;&#8221; row_type=&#8221;row&#8221; use_row_as_full_screen_section=&#8221;no&#8221; type=&#8221;grid&#8221; angled_section=&#8221;no&#8221; text_align=&#8221;left&#8221; background_image_as_pattern=&#8221;without_pattern&#8221;][vc_column][vc_column_text]<\/p>\n<ul>\n<li><em><strong>Proyecto de construcci\u00f3n:<\/strong> Residencial Arroyovil (a\u00f1o 2006).<\/em><br \/>\nEsta obra de nuestra constructora Ja\u00e9n ha comprendido el desarrollo y ejecuci\u00f3n de obra de 30 viviendas unifamiliares, agrupadas en tres sectores, en una superficie de 25.0000 m2. El cliente para el que se desarroll\u00f3 este proyecto de construcci\u00f3n fue Proyectos \u00c1pice S.L y fue ejecutado en colaboraci\u00f3n con el arquitecto Rafael Bailina Ruiz.<\/li>\n<\/ul>\n<p>[\/vc_column_text][vc_empty_space][\/vc_column][\/vc_row][vc_row css_animation=&#8221;&#8221; row_type=&#8221;row&#8221; use_row_as_full_screen_section=&#8221;no&#8221; type=&#8221;grid&#8221; angled_section=&#8221;no&#8221; text_align=&#8221;left&#8221; background_image_as_pattern=&#8221;without_pattern&#8221;][vc_column][vc_empty_space][vc_empty_space][vc_column_text]<\/p>\n<h4><strong>Constructora Ja\u00e9n que se centra en la construcci\u00f3n de obras civiles.<\/strong><\/h4>\n<p>[\/vc_column_text][vc_separator type=&#8221;small&#8221; position=&#8221;left&#8221; color=&#8221;#2e2e2e&#8221; transparency=&#8221;1&#8243; thickness=&#8221;1&#8243; up=&#8221;20&#8243; down=&#8221;20&#8243;][vc_empty_space][\/vc_column][\/vc_row][vc_row css_animation=&#8221;&#8221; row_type=&#8221;row&#8221; use_row_as_full_screen_section=&#8221;no&#8221; type=&#8221;grid&#8221; angled_section=&#8221;no&#8221; text_align=&#8221;left&#8221; background_image_as_pattern=&#8221;without_pattern&#8221;][vc_column][vc_column_text]<\/p>\n<ul>\n<li><em><strong>Reformas integrales:<\/strong> ampliaci\u00f3n y Mejora de las Instalaciones del Parque de Bomberos de Ja\u00e9n.<\/em><br \/>\nLos trabajos, que se realizaron para dicho proyecto de obra civil consistieron en la reparaci\u00f3n y remodelaci\u00f3n del Parque de Bomberos de Ja\u00e9n, desarrollando la ejecuci\u00f3n en tres fases o zonas de actuaci\u00f3n independientes. EL resultado fue una reforma integral del parque a trav\u00e9s de la ampliaci\u00f3n y mejoras de todas las instalaciones.<\/li>\n<\/ul>\n<p>[\/vc_column_text][vc_empty_space][\/vc_column][\/vc_row][vc_row css_animation=&#8221;&#8221; row_type=&#8221;row&#8221; use_row_as_full_screen_section=&#8221;no&#8221; type=&#8221;grid&#8221; angled_section=&#8221;no&#8221; text_align=&#8221;left&#8221; background_image_as_pattern=&#8221;without_pattern&#8221;][vc_column][vc_column_text]<\/p>\n<ul>\n<li><em><strong>Reformas integrales:<\/strong> colegio La Pur\u00edsima.<\/em><br \/>\nLa reforma integral del colegio, permitir\u00e1n la implantaci\u00f3n del 1\u00ba ciclo de educaci\u00f3n infantil en el centro. Gracias a nuestros profesionales en el <strong>sector de la construcci\u00f3n<\/strong> se ha redise\u00f1ado la arquitectura externa y los espacios internos. El objetivo central de esta reforma integral realizada por nuestra <strong>constructora Ja\u00e9n<\/strong> fue la modernizaci\u00f3n de las instalaciones escolares, la redistribuci\u00f3n de los espacios docentes y su adaptaci\u00f3n a la normativa vigente en materia de accesibilidad e instalaciones contraincendios.<\/li>\n<\/ul>\n<p>[\/vc_column_text][vc_empty_space][\/vc_column][\/vc_row][vc_row css_animation=&#8221;&#8221; row_type=&#8221;row&#8221; use_row_as_full_screen_section=&#8221;no&#8221; type=&#8221;grid&#8221; angled_section=&#8221;no&#8221; text_align=&#8221;left&#8221; background_image_as_pattern=&#8221;without_pattern&#8221; css=&#8221;.vc_custom_1531908694752{background-color: #f9f9f9 !important;}&#8221;][vc_column][vc_empty_space][vc_column_text el_class=&#8221;entrada-proyectos&#8221;]<\/p>\n<p style=\"text-align: center;\">Tambi\u00e9n puedes conoce nuestros <strong>proyectos de obra civil<\/strong> de nuestra<\/p>\n<p style=\"text-align: center;\"><strong><a href=\"http:\/\/www.omarsl.com\/constructora-malaga\">constructora en M\u00e1laga<\/a>. <\/strong><\/p>\n<p>[\/vc_column_text][vc_empty_space][\/vc_column][\/vc_row][vc_row css_animation=&#8221;&#8221; row_type=&#8221;row&#8221; use_row_as_full_screen_section=&#8221;no&#8221; type=&#8221;grid&#8221; angled_section=&#8221;no&#8221; text_align=&#8221;left&#8221; background_image_as_pattern=&#8221;without_pattern&#8221;][vc_column][vc_empty_space][vc_column_text]Otro de los proyectos de construcci\u00f3n importante de nuestra constructora Ja\u00e9n es la reforma del Hospital del Ja\u00e9n, precisamente\u00a0de la sexta planta del Hospital Neurotraumatol\u00f3gico de Ja\u00e9n con un presupuesto de 474.000 euros.<\/p>\n<p>Entre las mejoras concretas de la obra realizada por nuestra <strong>empresa constructora<\/strong> se encuentran la creaci\u00f3n de una unidad m\u00e9dica espec\u00edfica para la atenci\u00f3n de los pacientes con casos de ictus. Tambi\u00e9n conllevar\u00e1 mejoras en el m\u00f3dulo penitenciario del centro Neurotraumatol\u00f3gico.<\/p>\n<p>Mancha Real Obra es una <strong>constructora en Ja\u00e9n<\/strong> que realiza simult\u00e1neamente <strong>proyectos de construcci\u00f3n<\/strong> en toda Espa\u00f1a.[\/vc_column_text][vc_empty_space][\/vc_column][\/vc_row][vc_row css_animation=&#8221;&#8221; row_type=&#8221;row&#8221; use_row_as_full_screen_section=&#8221;no&#8221; type=&#8221;grid&#8221; angled_section=&#8221;no&#8221; text_align=&#8221;left&#8221; background_image_as_pattern=&#8221;without_pattern&#8221;][vc_column][vc_empty_space][vc_column_text]Por \u00faltimo, gracias a una formaci\u00f3n continua de nuestros profesionales y a los a\u00f1os de especializaci\u00f3n, que acumulamos, en el campo de la construcci\u00f3n hemos alcanzado un nivel de competencia que nos abarcar todo tipo de proyecto.[\/vc_column_text][vc_empty_space][\/vc_column][\/vc_row][vc_row css_animation=&#8221;&#8221; row_type=&#8221;row&#8221; use_row_as_full_screen_section=&#8221;no&#8221; type=&#8221;grid&#8221; angled_section=&#8221;no&#8221; text_align=&#8221;left&#8221; background_image_as_pattern=&#8221;without_pattern&#8221;][vc_column][vc_column_text]Por esta raz\u00f3n, cada vez m\u00e1s nos comprometemos con clientes finales para realizar obras a medida. En espec\u00edfico hemos realizados proyectos de arquitectura m\u00e1s exclusivo como villas, chalet y en general cualquier tipo de vivienda de lujo.[\/vc_column_text][vc_empty_space][\/vc_column][\/vc_row][vc_row css_animation=&#8221;&#8221; row_type=&#8221;row&#8221; use_row_as_full_screen_section=&#8221;no&#8221; type=&#8221;grid&#8221; angled_section=&#8221;no&#8221; text_align=&#8221;left&#8221; background_image_as_pattern=&#8221;without_pattern&#8221;][vc_column][vc_empty_space][vc_column_text]En Mancha Real Obras sabemos cu\u00e1nto es importante seguir creciendo y ofrecer el mejor servicio posible. Por este motivo, de un lado nuestro objetivo es de seguir incrementando los est\u00e1ndares de construcci\u00f3n para asegurar resultados altamente satisfactorios para todos los proyectos. Y del otro, porque no queremos dejar de ser una entre las mejores <strong>empresas constructoras de Ja\u00e9n<\/strong>.[\/vc_column_text][vc_empty_space][\/vc_column][\/vc_row][vc_row css_animation=&#8221;&#8221; row_type=&#8221;row&#8221; use_row_as_full_screen_section=&#8221;no&#8221; type=&#8221;grid&#8221; angled_section=&#8221;no&#8221; text_align=&#8221;left&#8221; background_image_as_pattern=&#8221;without_pattern&#8221; css=&#8221;.vc_custom_1531908694752{background-color: #f9f9f9 !important;}&#8221;][vc_column][vc_empty_space][vc_column_text el_class=&#8221;entrada-proyectos&#8221;]<\/p>\n<p style=\"text-align: center;\"><em>\u00bfBuscas <strong>constructora en Ja\u00e9n<\/strong>?<\/em><\/p>\n<p>[\/vc_column_text][vc_column_text el_class=&#8221;enlace-contacta&#8221;]<\/p>\n<p style=\"text-align: center;\"><a href=\"https:\/\/obrasmanchareal.com\/contacto\/\"><em>Contacta con nosotros <strong>aqu\u00ed<\/strong><\/em><\/a><\/p>\n<p>[\/vc_column_text][vc_empty_space][\/vc_column][\/vc_row]<\/p>\n","protected":false},"excerpt":{"rendered":"<p>[vc_row css_animation=&#8221;&#8221; row_type=&#8221;row&#8221; use_row_as_full_screen_section=&#8221;no&#8221; type=&#8221;grid&#8221; angled_section=&#8221;no&#8221; text_align=&#8221;left&#8221; background_image_as_pattern=&#8221;without_pattern&#8221;][vc_column][vc_empty_space][vc_empty_space][vc_column_text] \u201cComo constructora Ja\u00e9n, realizamos reformas integrales, construcci\u00f3n de edificios, construcci\u00f3n de naves industriales y todo tipo de proyectos de obra civil en la provincia de Ja\u00e9n\u201d [\/vc_column_text][vc_empty_space][\/vc_column][\/vc_row][vc_row css_animation=&#8221;&#8221; row_type=&#8221;row&#8221; use_row_as_full_screen_section=&#8221;no&#8221; type=&#8221;grid&#8221; angled_section=&#8221;no&#8221; text_align=&#8221;left&#8221; background_image_as_pattern=&#8221;without_pattern&#8221;][vc_column][vc_column_text]Somos Mancha Real Obras, nos ubicamos entre las empresas constructoras de Ja\u00e9n m\u00e1s reconocidas &hellip; <\/p>\n<p class=\"link-more\"><a href=\"https:\/\/obrasmanchareal.com\/?page_id=18073\" class=\"more-link\">Continue reading<span class=\"screen-reader-text\"> &#8220;Constructora Ja\u00e9n&#8221;<\/span><\/a><\/p>\n","protected":false},"author":4,"featured_media":0,"parent":0,"menu_order":0,"comment_status":"closed","ping_status":"closed","template":"full_width.php","meta":{"footnotes":""},"class_list":["post-18073","page","type-page","status-publish","hentry","entry"],"_links":{"self":[{"href":"https:\/\/obrasmanchareal.com\/index.php?rest_route=\/wp\/v2\/pages\/18073","targetHints":{"allow":["GET"]}}],"collection":[{"href":"https:\/\/obrasmanchareal.com\/index.php?rest_route=\/wp\/v2\/pages"}],"about":[{"href":"https:\/\/obrasmanchareal.com\/index.php?rest_route=\/wp\/v2\/types\/page"}],"author":[{"embeddable":true,"href":"https:\/\/obrasmanchareal.com\/index.php?rest_route=\/wp\/v2\/users\/4"}],"replies":[{"embeddable":true,"href":"https:\/\/obrasmanchareal.com\/index.php?rest_route=%2Fwp%2Fv2%2Fcomments&post=18073"}],"version-history":[{"count":11,"href":"https:\/\/obrasmanchareal.com\/index.php?rest_route=\/wp\/v2\/pages\/18073\/revisions"}],"predecessor-version":[{"id":18627,"href":"https:\/\/obrasmanchareal.com\/index.php?rest_route=\/wp\/v2\/pages\/18073\/revisions\/18627"}],"wp:attachment":[{"href":"https:\/\/obrasmanchareal.com\/index.php?rest_route=%2Fwp%2Fv2%2Fmedia&parent=18073"}],"curies":[{"name":"wp","href":"https:\/\/api.w.org\/{rel}","templated":true}]}}