{"id":13383,"date":"2014-03-24T10:32:19","date_gmt":"2014-03-24T10:32:19","guid":{"rendered":"http:\/\/demo.qodeinteractive.com\/bridge21\/?page_id=13383"},"modified":"2020-09-07T08:21:46","modified_gmt":"2020-09-07T06:21:46","slug":"empresa-constructora-jaen","status":"publish","type":"page","link":"https:\/\/obrasmanchareal.com\/?page_id=13383","title":{"rendered":"Empresa Constructora"},"content":{"rendered":"<p>[vc_row css_animation=&#8221;&#8221; row_type=&#8221;row&#8221; use_row_as_full_screen_section=&#8221;no&#8221; type=&#8221;grid&#8221; angled_section=&#8221;no&#8221; text_align=&#8221;center&#8221; background_image=&#8221;16664&#8243; background_image_as_pattern=&#8221;without_pattern&#8221; background_color=&#8221;rgba(102,102,102,0.69)&#8221; border_color=&#8221;#eeeeee&#8221; padding_top=&#8221;300&#8243; padding_bottom=&#8221;0&#8243;][vc_column][vc_empty_space height=&#8221;80px&#8221;][vc_column_text]<\/p>\n<h2 style=\"text-align: left;\">EMPRESA CONSTRUCTORA<\/h2>\n<p>[\/vc_column_text][vc_separator type=&#8221;small&#8221; position=&#8221;left&#8221; color=&#8221;#ffffff&#8221; thickness=&#8221;1&#8243; up=&#8221;20&#8243; down=&#8221;20&#8243;][vc_column_text]<\/p>\n<p style=\"text-align: left;\"><span style=\"color: #ffffff;\"><strong>Mancha Real Obras<\/strong>\u00a0es una empresa constructora que cuenta con m\u00e1s de 35 a\u00f1os de experiencia en el sector siendo creada en el a\u00f1o 1980 por su fundador Carlos Martos Nava que dirig\u00eda a un\u00a0 equipo de personas que, por sus inquietudes t\u00e9cnicas y profesionales, decidieron desarrollar su actividad en las diversas variantes del amplio mundo de la construcci\u00f3n.<\/span><\/p>\n<p>&nbsp;<\/p>\n<p style=\"text-align: left;\"><span style=\"color: #ffffff;\">Los primeros a\u00f1os de actividad fueron dedicados fundamentalmente a la adaptaci\u00f3n y reforma de locales para Oficinas Bancarias, Centros Comerciales y Oficinas de la Tesorer\u00eda General de la Seguridad Social. Posteriormente, debido al crecimiento avalado por la confianza depositada por nuestros clientes, <strong>Mancha Real Obras<\/strong> ampli\u00f3 el campo de actuaci\u00f3n ejecutando obras de mayor importancia y diversas caracter\u00edsticas.<\/span><\/p>\n<p>&nbsp;<\/p>\n<p style=\"text-align: left;\"><span style=\"color: #ffffff;\">En la actualidad nuestra compa\u00f1\u00eda firmemente consolidada a lo largo de su dilatada trayectoria. Se plantea como mayor objetivo ofrecer a sus clientes, tanto p\u00fablicos como privados, un esmerado cuidado en la ejecuci\u00f3n de sus obras para obtener la mayor calidad constructiva. Para esto dispone de una organizaci\u00f3n empresarial que permite realizar una gesti\u00f3n din\u00e1mica y eficiente en cada uno de los trabajos sea cual sea su \u00edndole: edificaci\u00f3n residencial, obra civil, edificaci\u00f3n industrial, reformas e interiorismo.<\/span><\/p>\n<p>&nbsp;<\/p>\n<p style=\"text-align: left;\"><span style=\"color: #ffffff;\"><strong>Mancha Real Obras<\/strong> cuenta con un equipo humano altamente cualificado, din\u00e1mico y flexible, destacando su Equipo T\u00e9cnico de Ingenieros, Ingenieros T\u00e9cnicos y Arquitectos T\u00e9cnicos, as\u00ed como Encargados de Obras con m\u00e1s de 20 a\u00f1os de experiencia en el sector. Equipo completamente involucrado con la filosof\u00eda de la empresa, que cree y les gusta lo que hacen, confiando plenamente en el trabajo presente y en el que desarrollar\u00e1n en el futuro.<\/span><\/p>\n<p>&nbsp;<\/p>\n<p style=\"text-align: left;\"><span style=\"color: #ffffff;\">Contamos adem\u00e1s con una s\u00f3lida estructura, un amplio parque de maquinaria y veh\u00edculos, as\u00ed como de unas instalaciones propias que nos permiten afrontar con la m\u00e1xima eficacia y seguridad cada una de las obras comprometidas.<\/span><\/p>\n<p>[\/vc_column_text][vc_empty_space height=&#8221;100px&#8221;][\/vc_column][\/vc_row][vc_row css_animation=&#8221;&#8221; row_type=&#8221;row&#8221; use_row_as_full_screen_section=&#8221;no&#8221; type=&#8221;grid&#8221; angled_section=&#8221;no&#8221; text_align=&#8221;left&#8221; background_image_as_pattern=&#8221;without_pattern&#8221; background_color=&#8221;#ffffff&#8221; border_color=&#8221;#eeeeee&#8221; padding_top=&#8221;80&#8243; padding_bottom=&#8221;81&#8243; el_class=&#8221;custom_color&#8221;][vc_column][vc_empty_space][vc_separator type=&#8221;transparent&#8221; up=&#8221;48&#8243; down=&#8221;0&#8243;][vc_empty_space][qode_circles columns=&#8221;three_columns&#8221; circle_line=&#8221;no_line&#8221;][qode_circle type=&#8221;icon_type&#8221; icon=&#8221;fa-building&#8221; size=&#8221;fa-3x&#8221; title=&#8221;MISI\u00d3N&#8221; text=&#8221;Ofrecemos un servicio integral y de calidad, aportando todo tipo de soluciones a las necesidades de nuestros clientes.&#8221;][qode_circle type=&#8221;icon_type&#8221; icon=&#8221;fa-eye&#8221; size=&#8221;fa-3x&#8221; title=&#8221;VISI\u00d3N&#8221; text=&#8221;Somos un grupo l\u00edder y en constante crecimiento gracias a un servicio \u00f3ptimo y eficacia en los resultados.&#8221;][qode_circle type=&#8221;icon_type&#8221; icon=&#8221;fa-user&#8221; size=&#8221;fa-3x&#8221; title=&#8221;VALORES&#8221; text=&#8221;Calidad y eficacia en el trabajo, orientados al cliente, responsabilidad y esp\u00edritu emprendedor y comunicaci\u00f3n con el cliente.&#8221;][\/qode_circles][\/vc_column][\/vc_row][vc_row css_animation=&#8221;&#8221; row_type=&#8221;row&#8221; use_row_as_full_screen_section=&#8221;no&#8221; type=&#8221;full_width&#8221; angled_section=&#8221;no&#8221; text_align=&#8221;left&#8221; background_image_as_pattern=&#8221;without_pattern&#8221;][vc_column][vc_empty_space height=&#8221;60px&#8221;][vc_text_separator title=&#8221;EQUIPO HUMANO&#8221; border=&#8221;no&#8221;][vc_empty_space height=&#8221;60px&#8221;][\/vc_column][vc_column width=&#8221;1\/4&#8243; css=&#8221;.vc_custom_1499860711454{padding-right: 0px !important;padding-left: 0px !important;}&#8221; el_class=&#8221;cinco&#8221;][q_team type=&#8221;info_on_hover&#8221; box_border=&#8221;no&#8221; show_separator=&#8221;no&#8221; team_social_icon_1=&#8221;fa-envelope&#8221; team_social_icon_2=&#8221;&#8221; team_social_icon_3=&#8221;&#8221; team_social_icon_4=&#8221;&#8221; team_social_icon_5=&#8221;&#8221; team_image=&#8221;16788&#8243; team_name=&#8221;Javier Martos Lara&#8221; name_color=&#8221;#f3a954&#8243; team_position=&#8221;Ingeniero T\u00e9cnico Industrial en Electricidad &#8211; Universidad de Ja\u00e9n<br \/>\nIngeniero Industrial &#8211; \u2028Universidad Alfonso X El Sabio<br \/>\nExecutive Master por la IE Business School<br \/>\nExperto en gesti\u00f3n y coordinaci\u00f3n de proyectos<br \/>\nExperto en implantaci\u00f3n de sistemas de calidad&#8221; team_social_icon_1_link=&#8221;mailto:javierml@omarsl.com&#8221;][\/vc_column][vc_column width=&#8221;1\/4&#8243; css=&#8221;.vc_custom_1499860725486{padding-right: 0px !important;padding-left: 0px !important;}&#8221; el_class=&#8221;cinco&#8221;][q_team type=&#8221;info_on_hover&#8221; box_border=&#8221;no&#8221; show_separator=&#8221;no&#8221; team_social_icon_1=&#8221;fa-envelope&#8221; team_social_icon_2=&#8221;&#8221; team_social_icon_3=&#8221;&#8221; team_social_icon_4=&#8221;&#8221; team_social_icon_5=&#8221;&#8221; team_image=&#8221;17323&#8243; team_name=&#8221;M.\u00aa Dolores Almonacid&#8221; name_color=&#8221;#f3a954&#8243; team_position=&#8221;Licenciada en Administraci\u00f3n y Direcci\u00f3n de Empresas y Derecho&#8221; team_social_icon_1_link=&#8221;mailto:administracion@omarsl.com&#8221;][\/vc_column][vc_column width=&#8221;1\/4&#8243; css=&#8221;.vc_custom_1499860734325{padding-right: 0px !important;padding-left: 0px !important;}&#8221; el_class=&#8221;cinco&#8221;][q_team type=&#8221;info_on_hover&#8221; box_border=&#8221;no&#8221; team_social_icon_1=&#8221;fa-envelope&#8221; team_social_icon_2=&#8221;&#8221; team_social_icon_3=&#8221;&#8221; team_social_icon_4=&#8221;&#8221; team_social_icon_5=&#8221;&#8221; team_image=&#8221;17326&#8243; team_name=&#8221;M Carmen L\u00f3pez&#8221; name_color=&#8221;#f3a954&#8243; team_position=&#8221;Diplomada en Relaciones Laborales por la Universidad de Ja\u00e9n<br \/>\nT\u00e9cnico superior en Relaciones Laborales<br \/>\nTitulado superior en Prevenci\u00f3n de Riesgos Laborables<br \/>\nResponsable de Administraci\u00f3n, Calidad y Medio Ambiente&#8221; team_social_icon_1_link=&#8221;mailto:administracion@omarsl.com&#8221;][\/vc_column][vc_column width=&#8221;1\/4&#8243; css=&#8221;.vc_custom_1499860741263{padding-right: 0px !important;padding-left: 0px !important;}&#8221; el_class=&#8221;cinco&#8221;][q_team type=&#8221;info_on_hover&#8221; box_border=&#8221;no&#8221; team_social_icon_1=&#8221;fa-envelope&#8221; team_social_icon_2=&#8221;&#8221; team_social_icon_3=&#8221;&#8221; team_social_icon_4=&#8221;&#8221; team_social_icon_5=&#8221;&#8221; team_image=&#8221;17327&#8243; team_name=&#8221;Miguel F. Teva &#8221; name_color=&#8221;#f3a954&#8243; team_position=&#8221;Arquitecto T\u00e9cnico por la Universidad de Granada<br \/>\nIngeniero de Edificaci\u00f3n por la Universidad Camilo Jos\u00e9 Cela de Madrid<br \/>\nPerito Forense acreditado por la Consejer\u00eda de Justicia y Administraciones P\u00fablicas<br \/>\n15 a\u00f1os de experiencia como Jefe de Obra&#8221; team_social_icon_1_link=&#8221;mailto:m.teva@omarsl.com&#8221;][\/vc_column][\/vc_row][vc_row css_animation=&#8221;&#8221; row_type=&#8221;row&#8221; use_row_as_full_screen_section=&#8221;no&#8221; type=&#8221;full_width&#8221; angled_section=&#8221;no&#8221; text_align=&#8221;left&#8221; background_image_as_pattern=&#8221;without_pattern&#8221;][vc_column width=&#8221;1\/4&#8243; css=&#8221;.vc_custom_1499860750037{padding-right: 0px !important;padding-left: 0px !important;}&#8221; el_class=&#8221;cinco&#8221;][q_team type=&#8221;info_on_hover&#8221; box_border=&#8221;no&#8221; team_social_icon_1=&#8221;fa-envelope&#8221; team_social_icon_2=&#8221;&#8221; team_social_icon_3=&#8221;&#8221; team_social_icon_4=&#8221;&#8221; team_social_icon_5=&#8221;&#8221; team_image=&#8221;17324&#8243; team_name=&#8221;Francisco J. Bueno&#8221; name_color=&#8221;#f3a954&#8243; team_position=&#8221;Arquitecto T\u00e9cnico por la Universidad de Sevilla<br \/>\nIngeniero de Edificaci\u00f3n por la Universidad Camilo Jos\u00e9 Cela de Madrid<br \/>\nTitulado superior en Prevenci\u00f3n de Riesgos Laborables<br \/>\n14 a\u00f1os de experiencia como Jefe de Obra y Director de Ejecuci\u00f3n Material&#8221; team_social_icon_1_link=&#8221;mailto:f.bueno@omarsl.com&#8221;][\/vc_column][vc_column width=&#8221;1\/4&#8243; css=&#8221;.vc_custom_1499854943659{padding-right: 0px !important;padding-left: 0px !important;}&#8221;][q_team type=&#8221;info_on_hover&#8221; box_border=&#8221;no&#8221; team_social_icon_1=&#8221;fa-envelope&#8221; team_social_icon_2=&#8221;&#8221; team_social_icon_3=&#8221;&#8221; team_social_icon_4=&#8221;&#8221; team_social_icon_5=&#8221;&#8221; team_image=&#8221;17328&#8243; team_name=&#8221;Sergio J. Jord\u00e1n&#8221; name_color=&#8221;#f3a954&#8243; team_position=&#8221;Arquitecto T\u00e9cnico por la Universidad de Granada<br \/>\nIngeniero de Edificaci\u00f3n por la Universidad Camilo Jos\u00e9 Cela de Madrid<br \/>\nTitulado superior en Prevenci\u00f3n de Riesgos Laborables<br \/>\n13 a\u00f1os de experiencia como Jefe de Obra&#8221; team_social_icon_1_link=&#8221;mailto:sergio.jordan@omarsl.com&#8221;][\/vc_column][vc_column width=&#8221;1\/4&#8243; css=&#8221;.vc_custom_1499854956170{padding-right: 0px !important;padding-left: 0px !important;}&#8221;][\/vc_column][vc_column width=&#8221;1\/4&#8243; css=&#8221;.vc_custom_1499854968332{padding-right: 0px !important;padding-left: 0px !important;}&#8221;][\/vc_column][\/vc_row][vc_row css_animation=&#8221;&#8221; row_type=&#8221;row&#8221; use_row_as_full_screen_section=&#8221;no&#8221; type=&#8221;full_width&#8221; angled_section=&#8221;no&#8221; text_align=&#8221;left&#8221; background_image_as_pattern=&#8221;without_pattern&#8221;][vc_column offset=&#8221;vc_hidden-lg vc_hidden-md vc_hidden-sm vc_hidden-xs&#8221;][vc_row_inner row_type=&#8221;row&#8221; type=&#8221;full_width&#8221; text_align=&#8221;left&#8221; css_animation=&#8221;&#8221; el_class=&#8221;cinco&#8221;][vc_column_inner][q_team type=&#8221;info_on_hover&#8221; box_border=&#8221;no&#8221; show_separator=&#8221;no&#8221; team_social_icon_1=&#8221;fa-envelope&#8221; team_social_icon_2=&#8221;&#8221; team_social_icon_3=&#8221;&#8221; team_social_icon_4=&#8221;&#8221; team_social_icon_5=&#8221;&#8221; team_image=&#8221;16788&#8243; team_name=&#8221;Javier Martos Lara&#8221; name_color=&#8221;#f3a954&#8243; team_position=&#8221;Ingeniero T\u00e9cnico Industrial en Electricidad | Universidad de Ja\u00e9n. Ingeniero Industrial | Universidad Alfonso X El Sabio. Executive Master por la IE Business School. Experto en gesti\u00f3n y coordinaci\u00f3n de proyectos y en implantaci\u00f3n de sistemas de calidad.&#8221; team_social_icon_1_link=&#8221;mailto:administracion@omarsl.com&#8221;][\/vc_column_inner][\/vc_row_inner][vc_row_inner row_type=&#8221;row&#8221; type=&#8221;full_width&#8221; text_align=&#8221;left&#8221; css_animation=&#8221;&#8221; el_class=&#8221;cinco&#8221;][vc_column_inner][q_team type=&#8221;info_on_hover&#8221; box_border=&#8221;no&#8221; team_social_icon_1=&#8221;fa-envelope&#8221; team_social_icon_2=&#8221;&#8221; team_social_icon_3=&#8221;&#8221; team_social_icon_4=&#8221;&#8221; team_social_icon_5=&#8221;&#8221; team_image=&#8221;16775&#8243; team_name=&#8221;Miguel Teva Moreno&#8221; name_color=&#8221;#f3a954&#8243; team_position=&#8221;Arquitecto T\u00e9cnico por la Universidad de Granada. Ingeniero de Edificaci\u00f3n por la Universidad Camilo Jos\u00e9 Cela de Madrid. Perito Forense acreditado por la Consejer\u00eda de Justicia y Administraciones P\u00fablicas. 11 a\u00f1os de experiencia como Jefe de Obra.&#8221; team_social_icon_1_link=&#8221;mailto:m.teva@omarsl.com&#8221;][\/vc_column_inner][\/vc_row_inner][vc_row_inner row_type=&#8221;row&#8221; type=&#8221;full_width&#8221; text_align=&#8221;left&#8221; css_animation=&#8221;&#8221; el_class=&#8221;cinco&#8221;][vc_column_inner][q_team type=&#8221;info_on_hover&#8221; box_border=&#8221;no&#8221; team_social_icon_1=&#8221;fa-envelope&#8221; team_social_icon_2=&#8221;&#8221; team_social_icon_3=&#8221;&#8221; team_social_icon_4=&#8221;&#8221; team_social_icon_5=&#8221;&#8221; team_image=&#8221;16789&#8243; team_name=&#8221;Sergio J. Jord\u00e1n&#8221; name_color=&#8221;#f3a954&#8243; team_position=&#8221;Arquitecto T\u00e9cnico por la Universidad de Granada. Ingeniero de Edificaci\u00f3n por la Universidad Camilo Jos\u00e9 Cela de Madrid. Titulado superior en Prevenci\u00f3n de Riesgos Laborables. 8 a\u00f1os de experiencia como Jefe de Obra.&#8221; team_social_icon_1_link=&#8221;mailto:sergio.jordan@omarsl.com&#8221;][\/vc_column_inner][\/vc_row_inner][vc_row_inner row_type=&#8221;row&#8221; type=&#8221;full_width&#8221; text_align=&#8221;left&#8221; css_animation=&#8221;&#8221; el_class=&#8221;cinco&#8221;][vc_column_inner][q_team type=&#8221;info_on_hover&#8221; box_border=&#8221;no&#8221; team_social_icon_1=&#8221;fa-envelope&#8221; team_social_icon_2=&#8221;&#8221; team_social_icon_3=&#8221;&#8221; team_social_icon_4=&#8221;&#8221; team_social_icon_5=&#8221;&#8221; team_image=&#8221;16773&#8243; team_name=&#8221;Francisco J. Bueno&#8221; name_color=&#8221;#f3a954&#8243; team_position=&#8221;Arquitecto T\u00e9cnico por la Universidad de Sevilla. Ingeniero de Edificaci\u00f3n por la Universidad Camilo Jos\u00e9 Cela de Madrid. Titulado superior en Prevenci\u00f3n de Riesgos Laborables. 10 a\u00f1os de experiencia como Jefe de Obra y Director de Ejecuci\u00f3n Material.&#8221; team_social_icon_1_link=&#8221;mailto:f.bueno@omarsl.com&#8221;][\/vc_column_inner][\/vc_row_inner][vc_row_inner row_type=&#8221;row&#8221; type=&#8221;full_width&#8221; text_align=&#8221;left&#8221; css_animation=&#8221;&#8221; el_class=&#8221;cinco&#8221;][vc_column_inner][q_team type=&#8221;info_on_hover&#8221; box_border=&#8221;no&#8221; team_social_icon_1=&#8221;fa-envelope&#8221; team_social_icon_2=&#8221;&#8221; team_social_icon_3=&#8221;&#8221; team_social_icon_4=&#8221;&#8221; team_social_icon_5=&#8221;&#8221; team_image=&#8221;16774&#8243; team_name=&#8221;M\u00aa Carmen L\u00f3pez&#8221; name_color=&#8221;#f3a954&#8243; team_position=&#8221;Diplomada en Relaciones Laborales por la Universidad de Ja\u00e9n. T\u00e9cnico superior en Relaciones Laborales. Titulado superior en Prevenci\u00f3n de Riesgos Laborables. Responsable de Administraci\u00f3n, Calidad y Medio Ambiente.&#8221; team_social_icon_1_link=&#8221;mailto:administracion@omarsl.com&#8221;][\/vc_column_inner][\/vc_row_inner][\/vc_column][\/vc_row][vc_row css_animation=&#8221;&#8221; row_type=&#8221;row&#8221; use_row_as_full_screen_section=&#8221;no&#8221; type=&#8221;grid&#8221; angled_section=&#8221;no&#8221; text_align=&#8221;left&#8221; background_image_as_pattern=&#8221;without_pattern&#8221; background_color=&#8221;#f8f8f8&#8243; padding_top=&#8221;70&#8243; padding_bottom=&#8221;71&#8243;][vc_column width=&#8221;1\/6&#8243;][\/vc_column][vc_column width=&#8221;2\/3&#8243;][vc_text_separator title=&#8221;CLASIFICACI\u00d3N DEL CONTRATISTA&#8221; border=&#8221;no&#8221;][vc_empty_space height=&#8221;60px&#8221;][vc_single_image image=&#8221;16514&#8243; img_size=&#8221;960x235px&#8221; alignment=&#8221;center&#8221; qode_css_animation=&#8221;&#8221;][vc_empty_space][vc_column_text]Seg\u00fan indica la Ley de Contratos del Sector P\u00fablico en su art\u00edculo 54 es obligatoria la clasificaci\u00f3n del contratista para poder optar a la contrataci\u00f3n de cualquier obra de presupuesto igual o superior a 350.000,00 \u20ac en el \u00e1mbito de cualquier Administraci\u00f3n P\u00fablica, ya sea Nacional, Auton\u00f3mica o Local.<\/p>\n<p>&nbsp;<\/p>\n<p>Este requisito administrativo no puede suplirse por cualquier otra forma de acreditaci\u00f3n de la capacidad del contratista y se obtiene mediante la acreditaci\u00f3n de experiencia, medios y capacidad en el \u00faltimo quinquenio, siendo la duraci\u00f3n de la clasificaci\u00f3n de dos a\u00f1os lo que implica que trascurridos estos dos a\u00f1os se debe proceder a su revisi\u00f3n.<\/p>\n<p>&nbsp;<\/p>\n<p>Fruto de una dilatada trayectoria y de la confianza depositada por nuestros clientes <strong>Mancha Real Obras<\/strong> figura inscrita en el Registro Oficial de Empresas Clasificadas con el n\u00famero de expediente 47468R como empresa contratista de obras en la Junta Consultiva de Contrataci\u00f3n Administrativa dependiente del Ministerio de Econom\u00eda y Hacienda.<\/p>\n<p>&nbsp;<\/p>\n<p>Se desprende del certificado correspondiente que <strong>Mancha Real Obras<\/strong> presenta la m\u00e1xima categor\u00eda, denominada \u201cF\u201d dentro del Grupo C \u201cEdificaciones\u201d, con lo que puede contratar obras de edificaci\u00f3n para cualquier Administraci\u00f3n P\u00fablica sin l\u00edmite de presupuesto.[\/vc_column_text][vc_empty_space][qode_button_v2 target=&#8221;_blank&#8221; hover_effect=&#8221;3d_rotate&#8221; text=&#8221;CERTIFICADO&#8221; hover_color=&#8221;#f9a243&#8243; hover_background_color=&#8221;#3a3a3a&#8221; link=&#8221;https:\/\/obrasmanchareal.com\/wp-content\/uploads\/2017\/09\/clasificacion-del-contratista.pdf&#8221;][vc_empty_space][\/vc_column][vc_column width=&#8221;1\/6&#8243;][\/vc_column][\/vc_row][vc_row css_animation=&#8221;&#8221; row_type=&#8221;row&#8221; use_row_as_full_screen_section=&#8221;no&#8221; type=&#8221;full_width&#8221; angled_section=&#8221;no&#8221; text_align=&#8221;left&#8221; background_image=&#8221;16838&#8243; background_image_as_pattern=&#8221;without_pattern&#8221; background_color=&#8221;#f9a243&#8243;][vc_column width=&#8221;1\/4&#8243;][\/vc_column][vc_column width=&#8221;1\/2&#8243;][vc_empty_space][vc_text_separator title=&#8221;TRABAJA CON NOSOTROS&#8221; border=&#8221;no&#8221;][contact-form-7 id=&#8221;4&#8243; html_class=&#8221;default&#8221;][vc_empty_space][\/vc_column][vc_column width=&#8221;1\/4&#8243;][\/vc_column][\/vc_row][vc_row css_animation=&#8221;&#8221; row_type=&#8221;row&#8221; use_row_as_full_screen_section=&#8221;no&#8221; type=&#8221;grid&#8221; angled_section=&#8221;no&#8221; text_align=&#8221;left&#8221; background_image_as_pattern=&#8221;without_pattern&#8221; background_color=&#8221;#ffffff&#8221; padding_top=&#8221;70&#8243; padding_bottom=&#8221;71&#8243;][vc_column][vc_text_separator title=&#8221;PRINCIPALES CLIENTES&#8221; border=&#8221;no&#8221;][vc_empty_space][qode_carousel carousel=&#8221;home-carousel-mini&#8221; number_of_visible_items=&#8221;&#8221; control_style=&#8221;light&#8221;][\/vc_column][\/vc_row]<\/p>\n","protected":false},"excerpt":{"rendered":"<p>[vc_row css_animation=&#8221;&#8221; row_type=&#8221;row&#8221; use_row_as_full_screen_section=&#8221;no&#8221; type=&#8221;grid&#8221; angled_section=&#8221;no&#8221; text_align=&#8221;center&#8221; background_image=&#8221;16664&#8243; background_image_as_pattern=&#8221;without_pattern&#8221; background_color=&#8221;rgba(102,102,102,0.69)&#8221; border_color=&#8221;#eeeeee&#8221; padding_top=&#8221;300&#8243; padding_bottom=&#8221;0&#8243;][vc_column][vc_empty_space height=&#8221;80px&#8221;][vc_column_text] EMPRESA CONSTRUCTORA [\/vc_column_text][vc_separator type=&#8221;small&#8221; position=&#8221;left&#8221; color=&#8221;#ffffff&#8221; thickness=&#8221;1&#8243; up=&#8221;20&#8243; down=&#8221;20&#8243;][vc_column_text] Mancha Real Obras\u00a0es una empresa constructora que cuenta con m\u00e1s de 35 a\u00f1os de experiencia en el sector siendo creada en el a\u00f1o 1980 por su fundador Carlos Martos Nava que dirig\u00eda &hellip; <\/p>\n<p class=\"link-more\"><a href=\"https:\/\/obrasmanchareal.com\/?page_id=13383\" class=\"more-link\">Continue reading<span class=\"screen-reader-text\"> &#8220;Empresa Constructora&#8221;<\/span><\/a><\/p>\n","protected":false},"author":1,"featured_media":0,"parent":0,"menu_order":0,"comment_status":"open","ping_status":"open","template":"full_width.php","meta":{"footnotes":""},"class_list":["post-13383","page","type-page","status-publish","hentry","entry"],"_links":{"self":[{"href":"https:\/\/obrasmanchareal.com\/index.php?rest_route=\/wp\/v2\/pages\/13383","targetHints":{"allow":["GET"]}}],"collection":[{"href":"https:\/\/obrasmanchareal.com\/index.php?rest_route=\/wp\/v2\/pages"}],"about":[{"href":"https:\/\/obrasmanchareal.com\/index.php?rest_route=\/wp\/v2\/types\/page"}],"author":[{"embeddable":true,"href":"https:\/\/obrasmanchareal.com\/index.php?rest_route=\/wp\/v2\/users\/1"}],"replies":[{"embeddable":true,"href":"https:\/\/obrasmanchareal.com\/index.php?rest_route=%2Fwp%2Fv2%2Fcomments&post=13383"}],"version-history":[{"count":63,"href":"https:\/\/obrasmanchareal.com\/index.php?rest_route=\/wp\/v2\/pages\/13383\/revisions"}],"predecessor-version":[{"id":18999,"href":"https:\/\/obrasmanchareal.com\/index.php?rest_route=\/wp\/v2\/pages\/13383\/revisions\/18999"}],"wp:attachment":[{"href":"https:\/\/obrasmanchareal.com\/index.php?rest_route=%2Fwp%2Fv2%2Fmedia&parent=13383"}],"curies":[{"name":"wp","href":"https:\/\/api.w.org\/{rel}","templated":true}]}}